{"id":31121,"date":"2019-08-13T06:24:52","date_gmt":"2019-08-13T06:24:52","guid":{"rendered":"https:\/\/www.sonova.com\/?page_id=31121"},"modified":"2026-08-07T13:45:21","modified_gmt":"2026-08-07T13:45:21","slug":"verwaltungsrat","status":"publish","type":"page","link":"https:\/\/www.sonova.com\/de\/verwaltungsrat\/","title":{"rendered":"Verwaltungsrat"},"content":{"rendered":"\n<div class=\"wp-block-group alignfull pattern-hero has-sonova-header-background has-base-white-color has-brand-primary-dark-blue-background-color has-text-color has-background has-link-color wp-elements-1 has-global-padding is-content-justification-center is-layout-constrained wp-block-group-is-layout-constrained\" style=\"padding-top:var(--wp--preset--spacing--48-40);padding-bottom:var(--wp--preset--spacing--48-40);background-image:url(&apos;https:\/\/www.sonova.com\/wp-content\/uploads\/2026\/06\/SON_Pic_Gradient_Background_Header_1920x1080.png&apos;);background-size:cover;\">\n<div class=\"wp-block-group alignwide is-vertical is-content-justification-left is-layout-flex wp-container-core-group-is-layout-7c526d4b wp-block-group-is-layout-flex\" style=\"min-height:300px\">\n<h1 class=\"wp-block-heading\">Verwaltungsrat<\/h1>\n<\/div>\n<\/div>\n\n\n\n<div style=\"height:20px\" aria-hidden=\"true\" class=\"wp-block-spacer\"><\/div>\n\n\n\n<p class=\"has-brand-primary-dark-blue-color has-text-color has-link-color wp-elements-2 wp-block-paragraph\">Gem\u00e4\u00df Satzung der Sonova Holding AG besteht der Verwaltungsrat aus mindestens f\u00fcnf und maximal zehn Mitgliedern. Die Verwaltungsr\u00e4te werden durch die Jahreshauptversammlung einzeln gew\u00e4hlt.&nbsp;<\/p>\n\n\n\n<div style=\"height:20px\" aria-hidden=\"true\" class=\"wp-block-spacer\"><\/div>\n\n\n\n<div data-wp-class--is-loading=\"core\/router::state.navigation.hasStarted\" class=\"wp-block-query alignwide is-layout-flow wp-block-query-is-layout-flow has-3-columns\"><ul class=\"wp-block-post-template is-layout-flow wp-block-post-template-is-layout-flow\"><li class=\"wp-block-post post-6840 people type-people status-publish has-post-thumbnail hentry\">\n<figure class=\"card__media wp-block-post-featured-image wp-block-null\"><img loading=\"lazy\" decoding=\"async\" width=\"1344\" height=\"896\" src=\"https:\/\/www.sonova.com\/wp-content\/uploads\/2026\/08\/202606_GilbertAchermann.jpg?w=1344\" class=\"attachment-post-thumbnail size-post-thumbnail wp-post-image\" alt=\"Gilbert Achermann\" style=\"object-fit:cover;\" srcset=\"https:\/\/www.sonova.com\/wp-content\/uploads\/2026\/08\/202606_GilbertAchermann.jpg 5555w, https:\/\/www.sonova.com\/wp-content\/uploads\/2026\/08\/202606_GilbertAchermann.jpg?resize=300,200 300w, https:\/\/www.sonova.com\/wp-content\/uploads\/2026\/08\/202606_GilbertAchermann.jpg?resize=768,512 768w, https:\/\/www.sonova.com\/wp-content\/uploads\/2026\/08\/202606_GilbertAchermann.jpg?resize=1024,683 1024w, https:\/\/www.sonova.com\/wp-content\/uploads\/2026\/08\/202606_GilbertAchermann.jpg?resize=1536,1024 1536w, https:\/\/www.sonova.com\/wp-content\/uploads\/2026\/08\/202606_GilbertAchermann.jpg?resize=2048,1366 2048w\" sizes=\"auto, (max-width: 1344px) 100vw, 1344px\" \/><\/figure>\n\n\n<div class=\"wp-block-group card__header is-layout-flow wp-block-group-is-layout-flow\">\n<div class=\"wp-block-group card__meta is-layout-flow wp-block-group-is-layout-flow\">\n<div class=\"wp-block-tenup-post-meta-conditional--people_information_job_title card__meta-item wp-block-tenup-post-meta-conditional has-global-padding is-layout-constrained wp-block-tenup-post-meta-conditional-is-layout-constrained\">\n\t\n\n<p class=\"people_information_job_title wp-block-tenup-post-meta\">\n\tNicht exekutives Mitglied<\/p>\n\n<\/div>\n<\/div>\n\n\n<h2 class=\"card__title wp-block-post-title\">Gilbert Achermann<\/h2><\/div>\n\n\n\n<div class=\"wp-block-group card__content is-layout-flow wp-block-group-is-layout-flow\">\n<div class=\"wp-block-tenup-post-meta-conditional--people_information_nationality wp-block-tenup-post-meta-conditional has-global-padding is-layout-constrained wp-block-tenup-post-meta-conditional-is-layout-constrained\">\n\t\n\n<div class=\"wp-block-group card__detail card__detail--nationality is-layout-flow wp-block-group-is-layout-flow\"><svg class=\"wp-block-tenup-icon\" style=\"width: 1.5rem;height: 1.5rem\" focusable=\"false\" aria-hidden=\"true\" xmlns=\"http:\/\/www.w3.org\/2000\/svg\" width=\"24\" height=\"24\" viewBox=\"0 0 24 24\"><path d=\"M12 4a8 8 0 1 1 0 16 8 8 0 0 1 0-16m-6.504 8.727a6.55 6.55 0 0 0 4.807 5.595 11.27 11.27 0 0 1-1.915-5.595zm10.116 0a11.27 11.27 0 0 1-1.916 5.595 6.55 6.55 0 0 0 4.808-5.595zm-5.767 0c.148 1.992.9 3.89 2.155 5.443a9.8 9.8 0 0 0 2.155-5.443zm3.851-7.05a11.27 11.27 0 0 1 1.916 5.596h2.892a6.55 6.55 0 0 0-4.808-5.595M12 5.83a9.8 9.8 0 0 0-2.155 5.443h4.31A9.8 9.8 0 0 0 12 5.83m-1.697-.152a6.55 6.55 0 0 0-4.807 5.595h2.892c.13-2.009.794-3.94 1.915-5.595\"\/><\/svg>\n\n\n<p class=\"screen-reader-text wp-block-paragraph\">Nationalit\u00e4t<\/p>\n\n\n\n<p class=\"people_information_nationality wp-block-tenup-post-meta\">\n\tSchweizer Staatsb\u00fcrger<\/p>\n<\/div>\n\n<\/div>\n\n\n\n<div class=\"wp-block-tenup-post-meta-conditional--people_information_born wp-block-tenup-post-meta-conditional has-global-padding is-layout-constrained wp-block-tenup-post-meta-conditional-is-layout-constrained\">\n\t\n\n<div class=\"wp-block-group card__detail card__detail--born is-layout-flow wp-block-group-is-layout-flow\"><svg class=\"wp-block-tenup-icon\" style=\"width: 1.5rem;height: 1.5rem\" focusable=\"false\" aria-hidden=\"true\" xmlns=\"http:\/\/www.w3.org\/2000\/svg\" width=\"24\" height=\"24\" viewBox=\"0 0 24 24\"><path d=\"M18.5 11.727h-12v6.955c0 .427.336.773.75.773h10.5c.414 0 .75-.346.75-.773zm-3.75-3.863V7.09h-4.5v.773a.76.76 0 0 1-.75.772.76.76 0 0 1-.75-.772V7.09h-1.5a.76.76 0 0 0-.75.773v2.318h12V7.864a.76.76 0 0 0-.75-.773h-1.5v.773a.76.76 0 0 1-.75.772.76.76 0 0 1-.75-.772M20 18.682C20 19.962 18.993 21 17.75 21H7.25C6.007 21 5 19.962 5 18.682V7.864c0-1.28 1.007-2.319 2.25-2.319h1.5v-.772c0-.427.336-.773.75-.773s.75.346.75.773v.772h4.5v-.772c0-.427.336-.773.75-.773s.75.346.75.773v.772h1.5c1.243 0 2.25 1.038 2.25 2.319z\"\/><\/svg>\n\n\n<p class=\"screen-reader-text wp-block-paragraph\">Geburtsjahr<\/p>\n\n\n\n<p class=\"people_information_born wp-block-tenup-post-meta\">\n\t1964<\/p>\n<\/div>\n\n<\/div>\n\n\n\n\n\n\n\n\n\n<div class=\"wp-block-tenup-post-meta-conditional--people_information_first_election wp-block-tenup-post-meta-conditional has-global-padding is-layout-constrained wp-block-tenup-post-meta-conditional-is-layout-constrained\">\n\t\n\n<div class=\"wp-block-group card__detail card__detail--first-election is-layout-flow wp-block-group-is-layout-flow\"><svg class=\"wp-block-tenup-icon\" style=\"width: 1.5rem;height: 1.5rem\" focusable=\"false\" aria-hidden=\"true\" xmlns=\"http:\/\/www.w3.org\/2000\/svg\" width=\"24\" height=\"24\" viewBox=\"0 0 24 24\"><path d=\"M14.293 9.293a1 1 0 1 1 1.414 1.414l-4 4a1 1 0 0 1-1.414 0l-2-2a1 1 0 1 1 1.414-1.414L11 12.586z\"\/><path d=\"M18 7a1 1 0 0 0-.901-.995L17 6H7c-.548 0-1 .452-1 1v11h12zm2 12a1 1 0 0 1-1 1H5a1 1 0 0 1-1-1V7c0-1.652 1.348-3 3-3h10a3 3 0 0 1 3 3z\"\/><path d=\"M22 18a1 1 0 1 1 0 2H2a1 1 0 1 1 0-2z\"\/><\/svg>\n\n\n<p class=\"people_information_custom_first_election_label wp-block-tenup-post-meta\">\n\tFirst election: <\/p>\n\n\n\n<p class=\"people_information_first_election wp-block-tenup-post-meta\">\n\t2024, Pr\u00e4sident des Verwaltungsrats seit 2025<\/p>\n<\/div>\n\n<\/div>\n\n\n\n<details class=\"wp-block-details is-layout-flow wp-block-details-is-layout-flow\"><summary>Mehr<\/summary><div class=\"entry-content wp-block-post-content is-layout-flow wp-block-post-content-is-layout-flow\">\n<h3 class=\"wp-block-heading\">Biografie<\/h3>\n\n\n\n<p class=\"wp-block-paragraph\">Gilbert Achermann (Geburtsjahr 1964, Schweizer Staatsb\u00fcrger) ist seit Juni 2025 Pr\u00e4sident des Verwaltungsrates der Sonova Holding AG. Seit 2024 geh\u00f6rt er dem Verwaltungsrat als nicht-exekutives Mitglied an und ist Vorsitzender des Technologie- und Innovationsausschusses.<\/p>\n\n\n\n<p class=\"wp-block-paragraph\">Gilbert Achermann war von 2010 bis 2024 Pr\u00e4sident des Verwaltungsrates der Straumann Group. Zuvor war er dort mehr als zw\u00f6lf Jahre t\u00e4tig, zun\u00e4chst als Chief Financial Officer und anschliessend als Chief Executive Officer, und trug massgeblich zur Entwicklung des Unternehmens zu einem global t\u00e4tigen Anbieter in der Dentalbranche bei. Im Jahr 2020 wurde er in den Verwaltungsrat der Ypsomed Group gew\u00e4hlt und \u00fcbernahm 2022 dessen Pr\u00e4sidium. Ebenfalls 2022 wurde er Mitglied des Verwaltungsrates der Unilabs S.A. und ist seit 2023 deren Pr\u00e4sident. Seit 2019 ist Gilbert Achermann Mitglied des Stiftungsrates und des Supervisory Board des IMD in Lausanne, Schweiz, und wurde 2026 zum Vizepr\u00e4sidenten gew\u00e4hlt. Zudem ist er seit 2020 Mitglied des Vorstands von Swiss Medtech und seit 2024 dessen Vizepr\u00e4sident. Von 2012 bis 2024 war er Mitglied des Verwaltungsrates der Julius B\u00e4r Gruppe.<\/p>\n\n\n\n<p class=\"wp-block-paragraph\">Gilbert Achermann verf\u00fcgt \u00fcber einen Abschluss in Betriebwirtschaftslehre der Fachhochschule St. Gallen, Schweiz, sowie \u00fcber einen Executive MBA der IMD in Lausanne, Schweiz.<\/p>\n\n\n\n<p class=\"wp-block-paragraph\"><strong>Externe Mandate:<\/strong><\/p>\n\n\n\n<p class=\"wp-block-paragraph\">Gelistete Firmen:<\/p>\n\n\n\n<ul class=\"wp-block-list\">\n<li class=\"wp-block-list-item\">VR-Pr\u00e4sident von Ypsomed Holding AG<\/li>\n<\/ul>\n\n\n\n<p class=\"wp-block-paragraph\">Andere Mandate:<\/p>\n\n\n\n<ul class=\"wp-block-list\">\n<li class=\"wp-block-list-item\">VR-Pr\u00e4sident von Unilabs S.A.<\/li>\n\n\n\n<li class=\"wp-block-list-item\">VR-Mitglied von Greenteg AG<\/li>\n\n\n\n<li class=\"wp-block-list-item\">Mitglied des Vorstands und Vizepr\u00e4sident vom Swiss Medtech Verband<\/li>\n\n\n\n<li class=\"wp-block-list-item\">Mitglied des Aufsichtsrats und Vizepr\u00e4sident am IMD \u2013 International Institute for Management Development in Lausanne<\/li>\n<\/ul>\n\n\n\n<p class=\"wp-block-paragraph\"><\/p>\n<\/div><\/details>\n<\/div>\n\n<\/li><li class=\"wp-block-post post-6860 people type-people status-publish has-post-thumbnail hentry\">\n<figure class=\"card__media wp-block-post-featured-image wp-block-null\"><img loading=\"lazy\" decoding=\"async\" width=\"1024\" height=\"683\" src=\"https:\/\/www.sonova.com\/wp-content\/uploads\/2021\/06\/Gregory-Behar.jpg?w=1024\" class=\"attachment-post-thumbnail size-post-thumbnail wp-post-image\" alt=\"\" style=\"object-fit:cover;\" srcset=\"https:\/\/www.sonova.com\/wp-content\/uploads\/2021\/06\/Gregory-Behar.jpg 1024w, https:\/\/www.sonova.com\/wp-content\/uploads\/2021\/06\/Gregory-Behar.jpg?resize=300,200 300w, https:\/\/www.sonova.com\/wp-content\/uploads\/2021\/06\/Gregory-Behar.jpg?resize=768,512 768w\" sizes=\"auto, (max-width: 1024px) 100vw, 1024px\" \/><\/figure>\n\n\n<div class=\"wp-block-group card__header is-layout-flow wp-block-group-is-layout-flow\">\n<div class=\"wp-block-group card__meta is-layout-flow wp-block-group-is-layout-flow\">\n<div class=\"wp-block-tenup-post-meta-conditional--people_information_job_title card__meta-item wp-block-tenup-post-meta-conditional has-global-padding is-layout-constrained wp-block-tenup-post-meta-conditional-is-layout-constrained\">\n\t\n\n<p class=\"people_information_job_title wp-block-tenup-post-meta\">\n\tNicht-exekutives Mitglied<\/p>\n\n<\/div>\n<\/div>\n\n\n<h2 class=\"card__title wp-block-post-title\">Gregory Behar<\/h2><\/div>\n\n\n\n<div class=\"wp-block-group card__content is-layout-flow wp-block-group-is-layout-flow\">\n<div class=\"wp-block-tenup-post-meta-conditional--people_information_nationality wp-block-tenup-post-meta-conditional has-global-padding is-layout-constrained wp-block-tenup-post-meta-conditional-is-layout-constrained\">\n\t\n\n<div class=\"wp-block-group card__detail card__detail--nationality is-layout-flow wp-block-group-is-layout-flow\"><svg class=\"wp-block-tenup-icon\" style=\"width: 1.5rem;height: 1.5rem\" focusable=\"false\" aria-hidden=\"true\" xmlns=\"http:\/\/www.w3.org\/2000\/svg\" width=\"24\" height=\"24\" viewBox=\"0 0 24 24\"><path d=\"M12 4a8 8 0 1 1 0 16 8 8 0 0 1 0-16m-6.504 8.727a6.55 6.55 0 0 0 4.807 5.595 11.27 11.27 0 0 1-1.915-5.595zm10.116 0a11.27 11.27 0 0 1-1.916 5.595 6.55 6.55 0 0 0 4.808-5.595zm-5.767 0c.148 1.992.9 3.89 2.155 5.443a9.8 9.8 0 0 0 2.155-5.443zm3.851-7.05a11.27 11.27 0 0 1 1.916 5.596h2.892a6.55 6.55 0 0 0-4.808-5.595M12 5.83a9.8 9.8 0 0 0-2.155 5.443h4.31A9.8 9.8 0 0 0 12 5.83m-1.697-.152a6.55 6.55 0 0 0-4.807 5.595h2.892c.13-2.009.794-3.94 1.915-5.595\"\/><\/svg>\n\n\n<p class=\"screen-reader-text wp-block-paragraph\">Nationalit\u00e4t<\/p>\n\n\n\n<p class=\"people_information_nationality wp-block-tenup-post-meta\">\n\tSchweizer Staatsb\u00fcrger<\/p>\n<\/div>\n\n<\/div>\n\n\n\n<div class=\"wp-block-tenup-post-meta-conditional--people_information_born wp-block-tenup-post-meta-conditional has-global-padding is-layout-constrained wp-block-tenup-post-meta-conditional-is-layout-constrained\">\n\t\n\n<div class=\"wp-block-group card__detail card__detail--born is-layout-flow wp-block-group-is-layout-flow\"><svg class=\"wp-block-tenup-icon\" style=\"width: 1.5rem;height: 1.5rem\" focusable=\"false\" aria-hidden=\"true\" xmlns=\"http:\/\/www.w3.org\/2000\/svg\" width=\"24\" height=\"24\" viewBox=\"0 0 24 24\"><path d=\"M18.5 11.727h-12v6.955c0 .427.336.773.75.773h10.5c.414 0 .75-.346.75-.773zm-3.75-3.863V7.09h-4.5v.773a.76.76 0 0 1-.75.772.76.76 0 0 1-.75-.772V7.09h-1.5a.76.76 0 0 0-.75.773v2.318h12V7.864a.76.76 0 0 0-.75-.773h-1.5v.773a.76.76 0 0 1-.75.772.76.76 0 0 1-.75-.772M20 18.682C20 19.962 18.993 21 17.75 21H7.25C6.007 21 5 19.962 5 18.682V7.864c0-1.28 1.007-2.319 2.25-2.319h1.5v-.772c0-.427.336-.773.75-.773s.75.346.75.773v.772h4.5v-.772c0-.427.336-.773.75-.773s.75.346.75.773v.772h1.5c1.243 0 2.25 1.038 2.25 2.319z\"\/><\/svg>\n\n\n<p class=\"screen-reader-text wp-block-paragraph\">Geburtsjahr<\/p>\n\n\n\n<p class=\"people_information_born wp-block-tenup-post-meta\">\n\t1969<\/p>\n<\/div>\n\n<\/div>\n\n\n\n\n\n\n\n\n\n<div class=\"wp-block-tenup-post-meta-conditional--people_information_first_election wp-block-tenup-post-meta-conditional has-global-padding is-layout-constrained wp-block-tenup-post-meta-conditional-is-layout-constrained\">\n\t\n\n<div class=\"wp-block-group card__detail card__detail--first-election is-layout-flow wp-block-group-is-layout-flow\"><svg class=\"wp-block-tenup-icon\" style=\"width: 1.5rem;height: 1.5rem\" focusable=\"false\" aria-hidden=\"true\" xmlns=\"http:\/\/www.w3.org\/2000\/svg\" width=\"24\" height=\"24\" viewBox=\"0 0 24 24\"><path d=\"M14.293 9.293a1 1 0 1 1 1.414 1.414l-4 4a1 1 0 0 1-1.414 0l-2-2a1 1 0 1 1 1.414-1.414L11 12.586z\"\/><path d=\"M18 7a1 1 0 0 0-.901-.995L17 6H7c-.548 0-1 .452-1 1v11h12zm2 12a1 1 0 0 1-1 1H5a1 1 0 0 1-1-1V7c0-1.652 1.348-3 3-3h10a3 3 0 0 1 3 3z\"\/><path d=\"M22 18a1 1 0 1 1 0 2H2a1 1 0 1 1 0-2z\"\/><\/svg>\n\n\n<p class=\"people_information_custom_first_election_label wp-block-tenup-post-meta\">\n\tFirst election: <\/p>\n\n\n\n<p class=\"people_information_first_election wp-block-tenup-post-meta\">\n\t2021<\/p>\n<\/div>\n\n<\/div>\n\n\n\n<details class=\"wp-block-details is-layout-flow wp-block-details-is-layout-flow\"><summary>Mehr<\/summary><div class=\"entry-content wp-block-post-content is-layout-flow wp-block-post-content-is-layout-flow\">\n<h3 class=\"wp-block-heading\">Biografie<\/h3>\n\n\n\n<p class=\"wp-block-paragraph\">Gregory Behar (Geburtsjahr 1969, Schweizer Staatsb\u00fcrger) ist seit 2021 Mitglied des Verwaltungsrates der Sonova Holding AG.&nbsp;<\/p>\n\n\n\n<p class=\"wp-block-paragraph\">Seit Januar 2024 ist Gregory Behar Chief Executive Officer von Recipharm AB, einem Unternehmen f\u00fcr Auftragsentwicklung und \u2011produktion (CDMO) in der Pharmaindustrie. Zuvor war er von 2014 bis zum 31. Dezember 2023 Chief Executive Officer von Nestl\u00e9 Health Science und wurde 2017 in die Konzernleitung von Nestl\u00e9 berufen. Von 2011 bis 2014 war er President und Chief Executive Officer von Boehringer Ingelheim Pharmaceuticals Inc. (USA).<\/p>\n\n\n\n<p class=\"wp-block-paragraph\">Zuvor bekleidete er verschiedene F\u00fchrungspositionen bei Boehringer Ingelheim GmbH (Deutschland), Novartis AG und Nestl\u00e9 S.A. Gregory Behar verf\u00fcgt \u00fcber einen MBA der INSEAD, Frankreich, einen Master of Science in Maschinenbau und Produktionstechnik der EPFL Lausanne, Schweiz, sowie einen Bachelor of Science in Maschinenbau der University of California, Los Angeles, USA.<\/p>\n\n\n\n<p class=\"wp-block-paragraph\"><strong>Ausschussmitgliedschaften<\/strong><\/p>\n\n\n\n<p class=\"wp-block-paragraph\">Er ist Mitglied des Revisionsausschuss (Auditkomitee) sowie des Nominierungs- und Verg\u00fctungsausschusses.<\/p>\n\n\n\n<p class=\"wp-block-paragraph\"><strong>Externe Mandate<\/strong><\/p>\n\n\n\n<p class=\"wp-block-paragraph\">Gelistete Firmen:<\/p>\n\n\n\n<ul class=\"wp-block-list\">\n<li class=\"wp-block-list-item\">n.v.<\/li>\n<\/ul>\n\n\n\n<p class=\"wp-block-paragraph\">Andere Mandate:<\/p>\n\n\n\n<ul class=\"wp-block-list\">\n<li class=\"wp-block-list-item\">CEO von Recipharm AB<\/li>\n\n\n\n<li class=\"wp-block-list-item\">VR-Mitglied von Amazentis&nbsp;SA<\/li>\n\n\n\n<li class=\"wp-block-list-item\">VR-Mitglied von New Biologix (Mandat auf Weisung von Recipharm AB als Teil seines CEO und daher nicht als zus\u00e4tzliches externes Mandat zu betrachten)<\/li>\n<\/ul>\n\n\n\n<p class=\"wp-block-paragraph\"><\/p>\n<\/div><\/details>\n<\/div>\n\n<\/li><li class=\"wp-block-post post-577457 people type-people status-publish has-post-thumbnail hentry\">\n<figure class=\"card__media wp-block-post-featured-image wp-block-null\"><img loading=\"lazy\" decoding=\"async\" width=\"1344\" height=\"896\" src=\"https:\/\/www.sonova.com\/wp-content\/uploads\/2026\/06\/SON_Pic_Board-of-Directors-IngridCotoros.jpg?w=1344\" class=\"attachment-post-thumbnail size-post-thumbnail wp-post-image\" alt=\"Ingrid Cotoros\" style=\"object-fit:cover;\" srcset=\"https:\/\/www.sonova.com\/wp-content\/uploads\/2026\/06\/SON_Pic_Board-of-Directors-IngridCotoros.jpg 5555w, https:\/\/www.sonova.com\/wp-content\/uploads\/2026\/06\/SON_Pic_Board-of-Directors-IngridCotoros.jpg?resize=300,200 300w, https:\/\/www.sonova.com\/wp-content\/uploads\/2026\/06\/SON_Pic_Board-of-Directors-IngridCotoros.jpg?resize=768,512 768w, https:\/\/www.sonova.com\/wp-content\/uploads\/2026\/06\/SON_Pic_Board-of-Directors-IngridCotoros.jpg?resize=1024,683 1024w, https:\/\/www.sonova.com\/wp-content\/uploads\/2026\/06\/SON_Pic_Board-of-Directors-IngridCotoros.jpg?resize=1536,1024 1536w, https:\/\/www.sonova.com\/wp-content\/uploads\/2026\/06\/SON_Pic_Board-of-Directors-IngridCotoros.jpg?resize=2048,1366 2048w\" sizes=\"auto, (max-width: 1344px) 100vw, 1344px\" \/><\/figure>\n\n\n<div class=\"wp-block-group card__header is-layout-flow wp-block-group-is-layout-flow\">\n<div class=\"wp-block-group card__meta is-layout-flow wp-block-group-is-layout-flow\">\n<div class=\"wp-block-tenup-post-meta-conditional--people_information_job_title card__meta-item wp-block-tenup-post-meta-conditional has-global-padding is-layout-constrained wp-block-tenup-post-meta-conditional-is-layout-constrained\">\n\t\n\n<p class=\"people_information_job_title wp-block-tenup-post-meta\">\n\tNicht-exekutives Mitglied<\/p>\n\n<\/div>\n<\/div>\n\n\n<h2 class=\"card__title wp-block-post-title\">Ingrid Cotoros<\/h2><\/div>\n\n\n\n<div class=\"wp-block-group card__content is-layout-flow wp-block-group-is-layout-flow\">\n<div class=\"wp-block-tenup-post-meta-conditional--people_information_nationality wp-block-tenup-post-meta-conditional has-global-padding is-layout-constrained wp-block-tenup-post-meta-conditional-is-layout-constrained\">\n\t\n\n<div class=\"wp-block-group card__detail card__detail--nationality is-layout-flow wp-block-group-is-layout-flow\"><svg class=\"wp-block-tenup-icon\" style=\"width: 1.5rem;height: 1.5rem\" focusable=\"false\" aria-hidden=\"true\" xmlns=\"http:\/\/www.w3.org\/2000\/svg\" width=\"24\" height=\"24\" viewBox=\"0 0 24 24\"><path d=\"M12 4a8 8 0 1 1 0 16 8 8 0 0 1 0-16m-6.504 8.727a6.55 6.55 0 0 0 4.807 5.595 11.27 11.27 0 0 1-1.915-5.595zm10.116 0a11.27 11.27 0 0 1-1.916 5.595 6.55 6.55 0 0 0 4.808-5.595zm-5.767 0c.148 1.992.9 3.89 2.155 5.443a9.8 9.8 0 0 0 2.155-5.443zm3.851-7.05a11.27 11.27 0 0 1 1.916 5.596h2.892a6.55 6.55 0 0 0-4.808-5.595M12 5.83a9.8 9.8 0 0 0-2.155 5.443h4.31A9.8 9.8 0 0 0 12 5.83m-1.697-.152a6.55 6.55 0 0 0-4.807 5.595h2.892c.13-2.009.794-3.94 1.915-5.595\"\/><\/svg>\n\n\n<p class=\"screen-reader-text wp-block-paragraph\">Nationalit\u00e4t<\/p>\n\n\n\n<p class=\"people_information_nationality wp-block-tenup-post-meta\">\n\tRum\u00e4nische und US-amerikanische Staatsb\u00fcrgerin<\/p>\n<\/div>\n\n<\/div>\n\n\n\n<div class=\"wp-block-tenup-post-meta-conditional--people_information_born wp-block-tenup-post-meta-conditional has-global-padding is-layout-constrained wp-block-tenup-post-meta-conditional-is-layout-constrained\">\n\t\n\n<div class=\"wp-block-group card__detail card__detail--born is-layout-flow wp-block-group-is-layout-flow\"><svg class=\"wp-block-tenup-icon\" style=\"width: 1.5rem;height: 1.5rem\" focusable=\"false\" aria-hidden=\"true\" xmlns=\"http:\/\/www.w3.org\/2000\/svg\" width=\"24\" height=\"24\" viewBox=\"0 0 24 24\"><path d=\"M18.5 11.727h-12v6.955c0 .427.336.773.75.773h10.5c.414 0 .75-.346.75-.773zm-3.75-3.863V7.09h-4.5v.773a.76.76 0 0 1-.75.772.76.76 0 0 1-.75-.772V7.09h-1.5a.76.76 0 0 0-.75.773v2.318h12V7.864a.76.76 0 0 0-.75-.773h-1.5v.773a.76.76 0 0 1-.75.772.76.76 0 0 1-.75-.772M20 18.682C20 19.962 18.993 21 17.75 21H7.25C6.007 21 5 19.962 5 18.682V7.864c0-1.28 1.007-2.319 2.25-2.319h1.5v-.772c0-.427.336-.773.75-.773s.75.346.75.773v.772h4.5v-.772c0-.427.336-.773.75-.773s.75.346.75.773v.772h1.5c1.243 0 2.25 1.038 2.25 2.319z\"\/><\/svg>\n\n\n<p class=\"screen-reader-text wp-block-paragraph\">Geburtsjahr<\/p>\n\n\n\n<p class=\"people_information_born wp-block-tenup-post-meta\">\n\t1979<\/p>\n<\/div>\n\n<\/div>\n\n\n\n\n\n\n\n\n\n<div class=\"wp-block-tenup-post-meta-conditional--people_information_first_election wp-block-tenup-post-meta-conditional has-global-padding is-layout-constrained wp-block-tenup-post-meta-conditional-is-layout-constrained\">\n\t\n\n<div class=\"wp-block-group card__detail card__detail--first-election is-layout-flow wp-block-group-is-layout-flow\"><svg class=\"wp-block-tenup-icon\" style=\"width: 1.5rem;height: 1.5rem\" focusable=\"false\" aria-hidden=\"true\" xmlns=\"http:\/\/www.w3.org\/2000\/svg\" width=\"24\" height=\"24\" viewBox=\"0 0 24 24\"><path d=\"M14.293 9.293a1 1 0 1 1 1.414 1.414l-4 4a1 1 0 0 1-1.414 0l-2-2a1 1 0 1 1 1.414-1.414L11 12.586z\"\/><path d=\"M18 7a1 1 0 0 0-.901-.995L17 6H7c-.548 0-1 .452-1 1v11h12zm2 12a1 1 0 0 1-1 1H5a1 1 0 0 1-1-1V7c0-1.652 1.348-3 3-3h10a3 3 0 0 1 3 3z\"\/><path d=\"M22 18a1 1 0 1 1 0 2H2a1 1 0 1 1 0-2z\"\/><\/svg>\n\n\n<p class=\"people_information_custom_first_election_label wp-block-tenup-post-meta\">\n\tFirst election: <\/p>\n\n\n\n<p class=\"people_information_first_election wp-block-tenup-post-meta\">\n\t2026<\/p>\n<\/div>\n\n<\/div>\n\n\n\n<details class=\"wp-block-details is-layout-flow wp-block-details-is-layout-flow\"><summary>Mehr<\/summary><div class=\"entry-content wp-block-post-content is-layout-flow wp-block-post-content-is-layout-flow\">\n<h3 class=\"wp-block-heading\">Biografie<\/h3>\n\n\n\n<p class=\"wp-block-paragraph\">Ingrid Cotoros (Geburtsjahr 1979, rum\u00e4nische und US-amerikanische Staatsb\u00fcrgerin)&nbsp;verf\u00fcgt \u00fcber mehr als zwei Jahrzehnte Erfahrung in leitenden Funktionen in Technologie und Engineering. Sie ist Chief Development Officer bei Mytra und verantwortet dort die Robotikentwicklung. Von 2019 bis 2024 war sie Vice President Technology Engineering for Devices bei Meta Reality Labs und leitete ein globales Team von \u00fcber 1\u2019300 Ingenieurinnen, Ingenieuren sowie Wissenschaftlerinnen und Wissenschaftlern. In dieser Funktion verantwortete sie unter anderem die Entwicklung von Ray-Ban Meta Smart Glasses, Quest Headsets und Orion AR-Brillen. Zuvor war sie in leitenden Engineering-Funktionen bei GoPro und Lockheed Martin t\u00e4tig, mit Schwerpunkten auf Bildgebungssystemen, Audiotechnologien, Antriebstechnologien sowie Materialforschung und -entwicklung.&nbsp;Ingrid Cotoros hat einen Ph.D. der University of California, Berkeley, USA, sowie einen Bachelor of Science in Physik (Honours) des California Institute of Technology, USA.<\/p>\n\n\n\n<p class=\"wp-block-paragraph\"><strong>Ausschussmitgliedschaften<\/strong><\/p>\n\n\n\n<p class=\"wp-block-paragraph\">Sie ist Mitglied des Technologie- und Innovationsausschusses.<\/p>\n\n\n\n<p class=\"wp-block-paragraph\"><strong>Externe Mandate<\/strong><\/p>\n\n\n\n<p class=\"wp-block-paragraph\">Gelistete Firmen:<\/p>\n\n\n\n<ul class=\"wp-block-list\">\n<li class=\"wp-block-list-item\">n.a.<\/li>\n<\/ul>\n\n\n\n<p class=\"wp-block-paragraph\">Andere Mandate:<\/p>\n\n\n\n<ul class=\"wp-block-list\">\n<li class=\"wp-block-list-item\">Mitglied des Beirats von MIXRIFT<\/li>\n<\/ul>\n<\/div><\/details>\n<\/div>\n\n<\/li><li class=\"wp-block-post post-6858 people type-people status-publish has-post-thumbnail hentry\">\n<figure class=\"card__media wp-block-post-featured-image wp-block-null\"><img loading=\"lazy\" decoding=\"async\" width=\"1024\" height=\"683\" src=\"https:\/\/www.sonova.com\/wp-content\/uploads\/2021\/06\/Roland-Diggelmann.jpg?w=1024\" class=\"attachment-post-thumbnail size-post-thumbnail wp-post-image\" alt=\"\" style=\"object-fit:cover;\" srcset=\"https:\/\/www.sonova.com\/wp-content\/uploads\/2021\/06\/Roland-Diggelmann.jpg 1024w, https:\/\/www.sonova.com\/wp-content\/uploads\/2021\/06\/Roland-Diggelmann.jpg?resize=300,200 300w, https:\/\/www.sonova.com\/wp-content\/uploads\/2021\/06\/Roland-Diggelmann.jpg?resize=768,512 768w\" sizes=\"auto, (max-width: 1024px) 100vw, 1024px\" \/><\/figure>\n\n\n<div class=\"wp-block-group card__header is-layout-flow wp-block-group-is-layout-flow\">\n<div class=\"wp-block-group card__meta is-layout-flow wp-block-group-is-layout-flow\">\n<div class=\"wp-block-tenup-post-meta-conditional--people_information_job_title card__meta-item wp-block-tenup-post-meta-conditional has-global-padding is-layout-constrained wp-block-tenup-post-meta-conditional-is-layout-constrained\">\n\t\n\n<p class=\"people_information_job_title wp-block-tenup-post-meta\">\n\tNicht-executives Mitglied<\/p>\n\n<\/div>\n<\/div>\n\n\n<h2 class=\"card__title wp-block-post-title\">Roland Diggelmann<\/h2><\/div>\n\n\n\n<div class=\"wp-block-group card__content is-layout-flow wp-block-group-is-layout-flow\">\n<div class=\"wp-block-tenup-post-meta-conditional--people_information_nationality wp-block-tenup-post-meta-conditional has-global-padding is-layout-constrained wp-block-tenup-post-meta-conditional-is-layout-constrained\">\n\t\n\n<div class=\"wp-block-group card__detail card__detail--nationality is-layout-flow wp-block-group-is-layout-flow\"><svg class=\"wp-block-tenup-icon\" style=\"width: 1.5rem;height: 1.5rem\" focusable=\"false\" aria-hidden=\"true\" xmlns=\"http:\/\/www.w3.org\/2000\/svg\" width=\"24\" height=\"24\" viewBox=\"0 0 24 24\"><path d=\"M12 4a8 8 0 1 1 0 16 8 8 0 0 1 0-16m-6.504 8.727a6.55 6.55 0 0 0 4.807 5.595 11.27 11.27 0 0 1-1.915-5.595zm10.116 0a11.27 11.27 0 0 1-1.916 5.595 6.55 6.55 0 0 0 4.808-5.595zm-5.767 0c.148 1.992.9 3.89 2.155 5.443a9.8 9.8 0 0 0 2.155-5.443zm3.851-7.05a11.27 11.27 0 0 1 1.916 5.596h2.892a6.55 6.55 0 0 0-4.808-5.595M12 5.83a9.8 9.8 0 0 0-2.155 5.443h4.31A9.8 9.8 0 0 0 12 5.83m-1.697-.152a6.55 6.55 0 0 0-4.807 5.595h2.892c.13-2.009.794-3.94 1.915-5.595\"\/><\/svg>\n\n\n<p class=\"screen-reader-text wp-block-paragraph\">Nationalit\u00e4t<\/p>\n\n\n\n<p class=\"people_information_nationality wp-block-tenup-post-meta\">\n\tSchweizer Staatsb\u00fcrger<\/p>\n<\/div>\n\n<\/div>\n\n\n\n<div class=\"wp-block-tenup-post-meta-conditional--people_information_born wp-block-tenup-post-meta-conditional has-global-padding is-layout-constrained wp-block-tenup-post-meta-conditional-is-layout-constrained\">\n\t\n\n<div class=\"wp-block-group card__detail card__detail--born is-layout-flow wp-block-group-is-layout-flow\"><svg class=\"wp-block-tenup-icon\" style=\"width: 1.5rem;height: 1.5rem\" focusable=\"false\" aria-hidden=\"true\" xmlns=\"http:\/\/www.w3.org\/2000\/svg\" width=\"24\" height=\"24\" viewBox=\"0 0 24 24\"><path d=\"M18.5 11.727h-12v6.955c0 .427.336.773.75.773h10.5c.414 0 .75-.346.75-.773zm-3.75-3.863V7.09h-4.5v.773a.76.76 0 0 1-.75.772.76.76 0 0 1-.75-.772V7.09h-1.5a.76.76 0 0 0-.75.773v2.318h12V7.864a.76.76 0 0 0-.75-.773h-1.5v.773a.76.76 0 0 1-.75.772.76.76 0 0 1-.75-.772M20 18.682C20 19.962 18.993 21 17.75 21H7.25C6.007 21 5 19.962 5 18.682V7.864c0-1.28 1.007-2.319 2.25-2.319h1.5v-.772c0-.427.336-.773.75-.773s.75.346.75.773v.772h4.5v-.772c0-.427.336-.773.75-.773s.75.346.75.773v.772h1.5c1.243 0 2.25 1.038 2.25 2.319z\"\/><\/svg>\n\n\n<p class=\"screen-reader-text wp-block-paragraph\">Geburtsjahr<\/p>\n\n\n\n<p class=\"people_information_born wp-block-tenup-post-meta\">\n\t1967<\/p>\n<\/div>\n\n<\/div>\n\n\n\n\n\n\n\n\n\n<div class=\"wp-block-tenup-post-meta-conditional--people_information_first_election wp-block-tenup-post-meta-conditional has-global-padding is-layout-constrained wp-block-tenup-post-meta-conditional-is-layout-constrained\">\n\t\n\n<div class=\"wp-block-group card__detail card__detail--first-election is-layout-flow wp-block-group-is-layout-flow\"><svg class=\"wp-block-tenup-icon\" style=\"width: 1.5rem;height: 1.5rem\" focusable=\"false\" aria-hidden=\"true\" xmlns=\"http:\/\/www.w3.org\/2000\/svg\" width=\"24\" height=\"24\" viewBox=\"0 0 24 24\"><path d=\"M14.293 9.293a1 1 0 1 1 1.414 1.414l-4 4a1 1 0 0 1-1.414 0l-2-2a1 1 0 1 1 1.414-1.414L11 12.586z\"\/><path d=\"M18 7a1 1 0 0 0-.901-.995L17 6H7c-.548 0-1 .452-1 1v11h12zm2 12a1 1 0 0 1-1 1H5a1 1 0 0 1-1-1V7c0-1.652 1.348-3 3-3h10a3 3 0 0 1 3 3z\"\/><path d=\"M22 18a1 1 0 1 1 0 2H2a1 1 0 1 1 0-2z\"\/><\/svg>\n\n\n<p class=\"people_information_custom_first_election_label wp-block-tenup-post-meta\">\n\tFirst election: <\/p>\n\n\n\n<p class=\"people_information_first_election wp-block-tenup-post-meta\">\n\t2021<\/p>\n<\/div>\n\n<\/div>\n\n\n\n<details class=\"wp-block-details is-layout-flow wp-block-details-is-layout-flow\"><summary>Mehr<\/summary><div class=\"entry-content wp-block-post-content is-layout-flow wp-block-post-content-is-layout-flow\">\n<h3 class=\"wp-block-heading\">Biografie<\/h3>\n\n\n\n<p class=\"wp-block-paragraph\">Roland Diggelmann (Geburtsjahr 1967, Schweizer Staatsb\u00fcrger) ist seit 2021 Mitglied des Verwaltungsrates der Sonova Holding AG.&nbsp;<\/p>\n\n\n\n<p class=\"wp-block-paragraph\">Von 2019 bis zum 31. M\u00e4rz 2022 war Roland Diggelmann Chief Executive Officer von Smith &amp; Nephew plc, einem in Grossbritannien ans\u00e4ssigen, global t\u00e4tigen Medizintechnikunternehmen mit Aktivit\u00e4ten in den Bereichen Orthop\u00e4die, Sportmedizin und fortgeschrittenes Wundmanagement. Zuvor war er von 2008 bis 2012 Managing Director f\u00fcr die Region Asien-Pazifik bei Roche Diagnostics. Im Jahr 2012 wurde er zum Chief Executive Officer von Roche Diagnostics ernannt, eine Funktion, die er bis 2018 aus\u00fcbte. W\u00e4hrend dieser Zeit leitete er das globale Diagnostikgesch\u00e4ft von Roche und war Mitglied der Konzernleitung.<\/p>\n\n\n\n<p class=\"wp-block-paragraph\">Zuvor bekleidete er leitende Positionen in den Bereichen Vertrieb und Marketing sowie strategische Planung bei Zimmer Holdings und Sulzer Medica (sp\u00e4ter Centerpulse). Roland Diggelmann verf\u00fcgt \u00fcber langj\u00e4hrige internationale F\u00fchrungserfahrung in der Medizintechnik- und Life-Sciences-Industrie, einschliesslich Funktionen als Chief Executive Officer globaler Unternehmen.<\/p>\n\n\n\n<p class=\"wp-block-paragraph\">Er studierte Betriebswirtschaftslehre an der Universit\u00e4t Bern, Schweiz.<\/p>\n\n\n\n<p class=\"wp-block-paragraph\"><strong>Ausschussmitgliedschaften<\/strong><\/p>\n\n\n\n<p class=\"wp-block-paragraph\">Er ist Mitglied und Vorsitzender des Nominations- und Verg\u00fctungsausschusses.<\/p>\n\n\n\n<p class=\"wp-block-paragraph\"><strong>Externe Mandate<\/strong><\/p>\n\n\n\n<p class=\"wp-block-paragraph\">Gelistete Firmen:<\/p>\n\n\n\n<ul class=\"wp-block-list\">\n<li class=\"wp-block-list-item\">VR-Pr\u00e4sident von Mettler Toledo International Inc.<\/li>\n<\/ul>\n\n\n\n<p class=\"wp-block-paragraph\">Andere Mandate:<\/p>\n\n\n\n<ul class=\"wp-block-list\">\n<li class=\"wp-block-list-item\">VR-Mitglied von Berlin Heals&nbsp;AG<\/li>\n\n\n\n<li class=\"wp-block-list-item\">VR-Mitglied von HeartForce AG<\/li>\n\n\n\n<li class=\"wp-block-list-item\">VR-Mitglied von Navignostics&nbsp;AG<\/li>\n\n\n\n<li class=\"wp-block-list-item\">VR-Mitglied von Osler Diagnostics&nbsp;Ltd.<\/li>\n<\/ul>\n\n\n\n<p class=\"wp-block-paragraph\"><\/p>\n<\/div><\/details>\n<\/div>\n\n<\/li><li class=\"wp-block-post post-577460 people type-people status-publish has-post-thumbnail hentry\">\n<figure class=\"card__media wp-block-post-featured-image wp-block-null\"><img loading=\"lazy\" decoding=\"async\" width=\"1344\" height=\"896\" src=\"https:\/\/www.sonova.com\/wp-content\/uploads\/2026\/06\/SON_Pic_Board-of-DirectorMalinaManLinNgai.jpg?w=1344\" class=\"attachment-post-thumbnail size-post-thumbnail wp-post-image\" alt=\"Malina Man Lin Ngai\" style=\"object-fit:cover;\" srcset=\"https:\/\/www.sonova.com\/wp-content\/uploads\/2026\/06\/SON_Pic_Board-of-DirectorMalinaManLinNgai.jpg 5555w, https:\/\/www.sonova.com\/wp-content\/uploads\/2026\/06\/SON_Pic_Board-of-DirectorMalinaManLinNgai.jpg?resize=300,200 300w, https:\/\/www.sonova.com\/wp-content\/uploads\/2026\/06\/SON_Pic_Board-of-DirectorMalinaManLinNgai.jpg?resize=768,512 768w, https:\/\/www.sonova.com\/wp-content\/uploads\/2026\/06\/SON_Pic_Board-of-DirectorMalinaManLinNgai.jpg?resize=1024,683 1024w, https:\/\/www.sonova.com\/wp-content\/uploads\/2026\/06\/SON_Pic_Board-of-DirectorMalinaManLinNgai.jpg?resize=1536,1024 1536w, https:\/\/www.sonova.com\/wp-content\/uploads\/2026\/06\/SON_Pic_Board-of-DirectorMalinaManLinNgai.jpg?resize=2048,1366 2048w\" sizes=\"auto, (max-width: 1344px) 100vw, 1344px\" \/><\/figure>\n\n\n<div class=\"wp-block-group card__header is-layout-flow wp-block-group-is-layout-flow\">\n<div class=\"wp-block-group card__meta is-layout-flow wp-block-group-is-layout-flow\">\n<div class=\"wp-block-tenup-post-meta-conditional--people_information_job_title card__meta-item wp-block-tenup-post-meta-conditional has-global-padding is-layout-constrained wp-block-tenup-post-meta-conditional-is-layout-constrained\">\n\t\n\n<p class=\"people_information_job_title wp-block-tenup-post-meta\">\n\tNicht-executives Mitglied<\/p>\n\n<\/div>\n<\/div>\n\n\n<h2 class=\"card__title wp-block-post-title\">Malina Man Lin Ngai<\/h2><\/div>\n\n\n\n<div class=\"wp-block-group card__content is-layout-flow wp-block-group-is-layout-flow\">\n<div class=\"wp-block-tenup-post-meta-conditional--people_information_nationality wp-block-tenup-post-meta-conditional has-global-padding is-layout-constrained wp-block-tenup-post-meta-conditional-is-layout-constrained\">\n\t\n\n<div class=\"wp-block-group card__detail card__detail--nationality is-layout-flow wp-block-group-is-layout-flow\"><svg class=\"wp-block-tenup-icon\" style=\"width: 1.5rem;height: 1.5rem\" focusable=\"false\" aria-hidden=\"true\" xmlns=\"http:\/\/www.w3.org\/2000\/svg\" width=\"24\" height=\"24\" viewBox=\"0 0 24 24\"><path d=\"M12 4a8 8 0 1 1 0 16 8 8 0 0 1 0-16m-6.504 8.727a6.55 6.55 0 0 0 4.807 5.595 11.27 11.27 0 0 1-1.915-5.595zm10.116 0a11.27 11.27 0 0 1-1.916 5.595 6.55 6.55 0 0 0 4.808-5.595zm-5.767 0c.148 1.992.9 3.89 2.155 5.443a9.8 9.8 0 0 0 2.155-5.443zm3.851-7.05a11.27 11.27 0 0 1 1.916 5.596h2.892a6.55 6.55 0 0 0-4.808-5.595M12 5.83a9.8 9.8 0 0 0-2.155 5.443h4.31A9.8 9.8 0 0 0 12 5.83m-1.697-.152a6.55 6.55 0 0 0-4.807 5.595h2.892c.13-2.009.794-3.94 1.915-5.595\"\/><\/svg>\n\n\n<p class=\"screen-reader-text wp-block-paragraph\">Nationalit\u00e4t<\/p>\n\n\n\n<p class=\"people_information_nationality wp-block-tenup-post-meta\">\n\tChinesische Staatsangeh\u00f6rige aus Hongkong<\/p>\n<\/div>\n\n<\/div>\n\n\n\n<div class=\"wp-block-tenup-post-meta-conditional--people_information_born wp-block-tenup-post-meta-conditional has-global-padding is-layout-constrained wp-block-tenup-post-meta-conditional-is-layout-constrained\">\n\t\n\n<div class=\"wp-block-group card__detail card__detail--born is-layout-flow wp-block-group-is-layout-flow\"><svg class=\"wp-block-tenup-icon\" style=\"width: 1.5rem;height: 1.5rem\" focusable=\"false\" aria-hidden=\"true\" xmlns=\"http:\/\/www.w3.org\/2000\/svg\" width=\"24\" height=\"24\" viewBox=\"0 0 24 24\"><path d=\"M18.5 11.727h-12v6.955c0 .427.336.773.75.773h10.5c.414 0 .75-.346.75-.773zm-3.75-3.863V7.09h-4.5v.773a.76.76 0 0 1-.75.772.76.76 0 0 1-.75-.772V7.09h-1.5a.76.76 0 0 0-.75.773v2.318h12V7.864a.76.76 0 0 0-.75-.773h-1.5v.773a.76.76 0 0 1-.75.772.76.76 0 0 1-.75-.772M20 18.682C20 19.962 18.993 21 17.75 21H7.25C6.007 21 5 19.962 5 18.682V7.864c0-1.28 1.007-2.319 2.25-2.319h1.5v-.772c0-.427.336-.773.75-.773s.75.346.75.773v.772h4.5v-.772c0-.427.336-.773.75-.773s.75.346.75.773v.772h1.5c1.243 0 2.25 1.038 2.25 2.319z\"\/><\/svg>\n\n\n<p class=\"screen-reader-text wp-block-paragraph\">Geburtsjahr<\/p>\n\n\n\n<p class=\"people_information_born wp-block-tenup-post-meta\">\n\t1969<\/p>\n<\/div>\n\n<\/div>\n\n\n\n\n\n\n\n\n\n<div class=\"wp-block-tenup-post-meta-conditional--people_information_first_election wp-block-tenup-post-meta-conditional has-global-padding is-layout-constrained wp-block-tenup-post-meta-conditional-is-layout-constrained\">\n\t\n\n<div class=\"wp-block-group card__detail card__detail--first-election is-layout-flow wp-block-group-is-layout-flow\"><svg class=\"wp-block-tenup-icon\" style=\"width: 1.5rem;height: 1.5rem\" focusable=\"false\" aria-hidden=\"true\" xmlns=\"http:\/\/www.w3.org\/2000\/svg\" width=\"24\" height=\"24\" viewBox=\"0 0 24 24\"><path d=\"M14.293 9.293a1 1 0 1 1 1.414 1.414l-4 4a1 1 0 0 1-1.414 0l-2-2a1 1 0 1 1 1.414-1.414L11 12.586z\"\/><path d=\"M18 7a1 1 0 0 0-.901-.995L17 6H7c-.548 0-1 .452-1 1v11h12zm2 12a1 1 0 0 1-1 1H5a1 1 0 0 1-1-1V7c0-1.652 1.348-3 3-3h10a3 3 0 0 1 3 3z\"\/><path d=\"M22 18a1 1 0 1 1 0 2H2a1 1 0 1 1 0-2z\"\/><\/svg>\n\n\n<p class=\"people_information_custom_first_election_label wp-block-tenup-post-meta\">\n\tFirst election: <\/p>\n\n\n\n<p class=\"people_information_first_election wp-block-tenup-post-meta\">\n\t2026<\/p>\n<\/div>\n\n<\/div>\n\n\n\n<details class=\"wp-block-details is-layout-flow wp-block-details-is-layout-flow\"><summary>Mehr<\/summary><div class=\"entry-content wp-block-post-content is-layout-flow wp-block-post-content-is-layout-flow\">\n<h3 class=\"wp-block-heading\">Biografie<\/h3>\n\n\n\n<p class=\"wp-block-paragraph\">Malina Man Lin Ngai (Geburtsjahr 1969, chinesische Staatsangeh\u00f6rige aus Hongkong)&nbsp;ist Group CEO von AS Watson, einem global t\u00e4tigen Gesundheits- und Beautyh\u00e4ndler mit mehr als 17\u2019000 Filialen in 31 M\u00e4rkten. Zuvor hatte sie verschiedene leitende Funktionen innerhalb des Unternehmens inne, darunter Group Chief Operating Officer ab 2013 sowie CEO von AS Watson (Asia &amp; Europe) ab 2019. In diesen Rollen verantwortete sie unter anderem die operativen Gesch\u00e4fte, Markenentwicklung, Kommunikation, sowie die digitale und organisatorische Transformation. Neben ihrer operativen T\u00e4tigkeit nimmt sie Verwaltungsratsmandate wahr, darunter bei der InterContinental Hotels Group, und ist in verschiedenen Beir\u00e4ten sowie \u00f6ffentlichen Gremien in Hongkong t\u00e4tig.&nbsp;<\/p>\n\n\n\n<p class=\"wp-block-paragraph\">Malina Man Lin Ngai hat einen Masterabschluss der National University of Ireland, einen MBA der University of Leicester, Vereinigtes K\u00f6nigreich, sowie einen Bachelor in Business Administration und Sports Management der University of Canberra, Australien. &nbsp;<\/p>\n\n\n\n<p class=\"wp-block-paragraph\"><strong>Ausschussmitgliedschaften<\/strong><\/p>\n\n\n\n<p class=\"wp-block-paragraph\">Sie ist Mitglied des Ausschusses f\u00fcr Technologie und Innovation sowie des Nominierungs- und Verg\u00fctungsausschusses.<\/p>\n\n\n\n<p class=\"wp-block-paragraph\"><strong>Externe Mandate:<\/strong><\/p>\n\n\n\n<p class=\"wp-block-paragraph\">Gelistete Firmen:<\/p>\n\n\n\n<ul class=\"wp-block-list\">\n<li class=\"wp-block-list-item\">n.v.<\/li>\n<\/ul>\n\n\n\n<p class=\"wp-block-paragraph\">Andere Mandate:&nbsp;<\/p>\n\n\n\n<ul class=\"wp-block-list\">\n<li class=\"wp-block-list-item\">Mitglied des Beirats der Regierung der Sonderverwaltungsregion Hongkong<\/li>\n\n\n\n<li class=\"wp-block-list-item\">Stellvertretender Vorsitzender der Hong Kong Retail Management Association<\/li>\n<\/ul>\n<\/div><\/details>\n<\/div>\n\n<\/li><li class=\"wp-block-post post-6830 people type-people status-publish has-post-thumbnail hentry\">\n<figure class=\"card__media wp-block-post-featured-image wp-block-null\"><img loading=\"lazy\" decoding=\"async\" width=\"1024\" height=\"683\" src=\"https:\/\/www.sonova.com\/wp-content\/uploads\/2025\/06\/Laura-Stoltenberg.jpg?w=1024\" class=\"attachment-post-thumbnail size-post-thumbnail wp-post-image\" alt=\"\" style=\"object-fit:cover;\" srcset=\"https:\/\/www.sonova.com\/wp-content\/uploads\/2025\/06\/Laura-Stoltenberg.jpg 1024w, https:\/\/www.sonova.com\/wp-content\/uploads\/2025\/06\/Laura-Stoltenberg.jpg?resize=300,200 300w, https:\/\/www.sonova.com\/wp-content\/uploads\/2025\/06\/Laura-Stoltenberg.jpg?resize=768,512 768w\" sizes=\"auto, (max-width: 1024px) 100vw, 1024px\" \/><\/figure>\n\n\n<div class=\"wp-block-group card__header is-layout-flow wp-block-group-is-layout-flow\">\n<div class=\"wp-block-group card__meta is-layout-flow wp-block-group-is-layout-flow\">\n<div class=\"wp-block-tenup-post-meta-conditional--people_information_job_title card__meta-item wp-block-tenup-post-meta-conditional has-global-padding is-layout-constrained wp-block-tenup-post-meta-conditional-is-layout-constrained\">\n\t\n\n<p class=\"people_information_job_title wp-block-tenup-post-meta\">\n\tNicht-exekutives Mitglied<\/p>\n\n<\/div>\n<\/div>\n\n\n<h2 class=\"card__title wp-block-post-title\">Laura Stoltenberg<\/h2><\/div>\n\n\n\n<div class=\"wp-block-group card__content is-layout-flow wp-block-group-is-layout-flow\">\n<div class=\"wp-block-tenup-post-meta-conditional--people_information_nationality wp-block-tenup-post-meta-conditional has-global-padding is-layout-constrained wp-block-tenup-post-meta-conditional-is-layout-constrained\">\n\t\n\n<div class=\"wp-block-group card__detail card__detail--nationality is-layout-flow wp-block-group-is-layout-flow\"><svg class=\"wp-block-tenup-icon\" style=\"width: 1.5rem;height: 1.5rem\" focusable=\"false\" aria-hidden=\"true\" xmlns=\"http:\/\/www.w3.org\/2000\/svg\" width=\"24\" height=\"24\" viewBox=\"0 0 24 24\"><path d=\"M12 4a8 8 0 1 1 0 16 8 8 0 0 1 0-16m-6.504 8.727a6.55 6.55 0 0 0 4.807 5.595 11.27 11.27 0 0 1-1.915-5.595zm10.116 0a11.27 11.27 0 0 1-1.916 5.595 6.55 6.55 0 0 0 4.808-5.595zm-5.767 0c.148 1.992.9 3.89 2.155 5.443a9.8 9.8 0 0 0 2.155-5.443zm3.851-7.05a11.27 11.27 0 0 1 1.916 5.596h2.892a6.55 6.55 0 0 0-4.808-5.595M12 5.83a9.8 9.8 0 0 0-2.155 5.443h4.31A9.8 9.8 0 0 0 12 5.83m-1.697-.152a6.55 6.55 0 0 0-4.807 5.595h2.892c.13-2.009.794-3.94 1.915-5.595\"\/><\/svg>\n\n\n<p class=\"screen-reader-text wp-block-paragraph\">Nationalit\u00e4t<\/p>\n\n\n\n<p class=\"people_information_nationality wp-block-tenup-post-meta\">\n\tUS-Staatsb\u00fcrgerin<\/p>\n<\/div>\n\n<\/div>\n\n\n\n<div class=\"wp-block-tenup-post-meta-conditional--people_information_born wp-block-tenup-post-meta-conditional has-global-padding is-layout-constrained wp-block-tenup-post-meta-conditional-is-layout-constrained\">\n\t\n\n<div class=\"wp-block-group card__detail card__detail--born is-layout-flow wp-block-group-is-layout-flow\"><svg class=\"wp-block-tenup-icon\" style=\"width: 1.5rem;height: 1.5rem\" focusable=\"false\" aria-hidden=\"true\" xmlns=\"http:\/\/www.w3.org\/2000\/svg\" width=\"24\" height=\"24\" viewBox=\"0 0 24 24\"><path d=\"M18.5 11.727h-12v6.955c0 .427.336.773.75.773h10.5c.414 0 .75-.346.75-.773zm-3.75-3.863V7.09h-4.5v.773a.76.76 0 0 1-.75.772.76.76 0 0 1-.75-.772V7.09h-1.5a.76.76 0 0 0-.75.773v2.318h12V7.864a.76.76 0 0 0-.75-.773h-1.5v.773a.76.76 0 0 1-.75.772.76.76 0 0 1-.75-.772M20 18.682C20 19.962 18.993 21 17.75 21H7.25C6.007 21 5 19.962 5 18.682V7.864c0-1.28 1.007-2.319 2.25-2.319h1.5v-.772c0-.427.336-.773.75-.773s.75.346.75.773v.772h4.5v-.772c0-.427.336-.773.75-.773s.75.346.75.773v.772h1.5c1.243 0 2.25 1.038 2.25 2.319z\"\/><\/svg>\n\n\n<p class=\"screen-reader-text wp-block-paragraph\">Geburtsjahr<\/p>\n\n\n\n<p class=\"people_information_born wp-block-tenup-post-meta\">\n\t1973<\/p>\n<\/div>\n\n<\/div>\n\n\n\n\n\n\n\n\n\n<div class=\"wp-block-tenup-post-meta-conditional--people_information_first_election wp-block-tenup-post-meta-conditional has-global-padding is-layout-constrained wp-block-tenup-post-meta-conditional-is-layout-constrained\">\n\t\n\n<div class=\"wp-block-group card__detail card__detail--first-election is-layout-flow wp-block-group-is-layout-flow\"><svg class=\"wp-block-tenup-icon\" style=\"width: 1.5rem;height: 1.5rem\" focusable=\"false\" aria-hidden=\"true\" xmlns=\"http:\/\/www.w3.org\/2000\/svg\" width=\"24\" height=\"24\" viewBox=\"0 0 24 24\"><path d=\"M14.293 9.293a1 1 0 1 1 1.414 1.414l-4 4a1 1 0 0 1-1.414 0l-2-2a1 1 0 1 1 1.414-1.414L11 12.586z\"\/><path d=\"M18 7a1 1 0 0 0-.901-.995L17 6H7c-.548 0-1 .452-1 1v11h12zm2 12a1 1 0 0 1-1 1H5a1 1 0 0 1-1-1V7c0-1.652 1.348-3 3-3h10a3 3 0 0 1 3 3z\"\/><path d=\"M22 18a1 1 0 1 1 0 2H2a1 1 0 1 1 0-2z\"\/><\/svg>\n\n\n<p class=\"people_information_custom_first_election_label wp-block-tenup-post-meta\">\n\tFirst election: <\/p>\n\n\n\n<p class=\"people_information_first_election wp-block-tenup-post-meta\">\n\tJuni 2025<\/p>\n<\/div>\n\n<\/div>\n\n\n\n<details class=\"wp-block-details is-layout-flow wp-block-details-is-layout-flow\"><summary>Mehr<\/summary><div class=\"entry-content wp-block-post-content is-layout-flow wp-block-post-content-is-layout-flow\">\n<h3 class=\"wp-block-heading\">Biografie&nbsp;<\/h3>\n\n\n\n<p class=\"wp-block-paragraph\">Laura Stoltenberg (Geburtsjahr 1973, US-Staatsb\u00fcrgerin) ist seit 2025 Mitglied des Verwaltungsrates der Sonova Holding AG.&nbsp;<\/p>\n\n\n\n<p class=\"wp-block-paragraph\">Laura Stoltenberg ist Chief Executive Officer von Cryosa, einem Medizintechnikunternehmen in der klinischen Entwicklungsphase, das eine neuartige therapeutische L\u00f6sung zur Behandlung von obstruktiver Schlafapnoe entwickelt. Zuvor bekleidete sie verschiedene leitende Funktionen bei Halma plc, Medtronic und GE Healthcare mit Verantwortlichkeiten in den Bereichen globale Gesch\u00e4ftsaktivit\u00e4ten, Gesch\u00e4ftsentwicklung und technologiegetriebene Gesundheitsl\u00f6sungen.<\/p>\n\n\n\n<p class=\"wp-block-paragraph\">Sie verf\u00fcgt \u00fcber ausgepr\u00e4gte internationale F\u00fchrungserfahrung in der Medizintechnikbranche, einschliesslich Funktionen in den Bereichen Wachstum, Fusionen und \u00dcbernahmen sowie Gesch\u00e4ftsentwicklung sowie in der operativen Weiterentwicklung und Kostensteuerung in regulierten Gesundheitsm\u00e4rkten.&nbsp; Laura Stoltenberg verf\u00fcgt \u00fcber einen Master of Business Administration der Columbia Business School, USA, sowie Bachelor-Abschl\u00fcsse in Elektrotechnik und Management der Bucknell University, USA.<\/p>\n\n\n\n<p class=\"wp-block-paragraph\"><strong>Ausschussmitgliedschaften<\/strong><\/p>\n\n\n\n<p class=\"wp-block-paragraph\">Sie ist Mitglied des Ausschusses f\u00fcr Technologie und Innovation sowie Revisionsausschuss (Auditkomitee)<\/p>\n\n\n\n<p class=\"wp-block-paragraph\"><strong>Externe Mandate<\/strong><\/p>\n\n\n\n<p class=\"wp-block-paragraph\">Gelistete Firmen:<\/p>\n\n\n\n<ul class=\"wp-block-list\">\n<li class=\"wp-block-list-item\">n.v.<\/li>\n<\/ul>\n\n\n\n<p class=\"wp-block-paragraph\">Andere Mandate<\/p>\n\n\n\n<ul class=\"wp-block-list\">\n<li class=\"wp-block-list-item\">Pr\u00e4sidentin des VR und Gesch\u00e4ftsf\u00fchrerin von Cryosa<\/li>\n<\/ul>\n<\/div><\/details>\n<\/div>\n\n<\/li><li class=\"wp-block-post post-577463 people type-people status-publish has-post-thumbnail hentry\">\n<figure class=\"card__media wp-block-post-featured-image wp-block-null\"><img loading=\"lazy\" decoding=\"async\" width=\"1344\" height=\"896\" src=\"https:\/\/www.sonova.com\/wp-content\/uploads\/2026\/06\/SON_Pic_Board-of-Directors-HooiLingTan.jpg?w=1344\" class=\"attachment-post-thumbnail size-post-thumbnail wp-post-image\" alt=\"Hooi Ling Tan\" style=\"object-fit:cover;\" srcset=\"https:\/\/www.sonova.com\/wp-content\/uploads\/2026\/06\/SON_Pic_Board-of-Directors-HooiLingTan.jpg 5555w, https:\/\/www.sonova.com\/wp-content\/uploads\/2026\/06\/SON_Pic_Board-of-Directors-HooiLingTan.jpg?resize=300,200 300w, https:\/\/www.sonova.com\/wp-content\/uploads\/2026\/06\/SON_Pic_Board-of-Directors-HooiLingTan.jpg?resize=768,512 768w, https:\/\/www.sonova.com\/wp-content\/uploads\/2026\/06\/SON_Pic_Board-of-Directors-HooiLingTan.jpg?resize=1024,683 1024w, https:\/\/www.sonova.com\/wp-content\/uploads\/2026\/06\/SON_Pic_Board-of-Directors-HooiLingTan.jpg?resize=1536,1024 1536w, https:\/\/www.sonova.com\/wp-content\/uploads\/2026\/06\/SON_Pic_Board-of-Directors-HooiLingTan.jpg?resize=2048,1366 2048w\" sizes=\"auto, (max-width: 1344px) 100vw, 1344px\" \/><\/figure>\n\n\n<div class=\"wp-block-group card__header is-layout-flow wp-block-group-is-layout-flow\">\n<div class=\"wp-block-group card__meta is-layout-flow wp-block-group-is-layout-flow\">\n<div class=\"wp-block-tenup-post-meta-conditional--people_information_job_title card__meta-item wp-block-tenup-post-meta-conditional has-global-padding is-layout-constrained wp-block-tenup-post-meta-conditional-is-layout-constrained\">\n\t\n\n<p class=\"people_information_job_title wp-block-tenup-post-meta\">\n\tNicht-exekutives Mitglied<\/p>\n\n<\/div>\n<\/div>\n\n\n<h2 class=\"card__title wp-block-post-title\">Hooi Ling Tan<\/h2><\/div>\n\n\n\n<div class=\"wp-block-group card__content is-layout-flow wp-block-group-is-layout-flow\">\n<div class=\"wp-block-tenup-post-meta-conditional--people_information_nationality wp-block-tenup-post-meta-conditional has-global-padding is-layout-constrained wp-block-tenup-post-meta-conditional-is-layout-constrained\">\n\t\n\n<div class=\"wp-block-group card__detail card__detail--nationality is-layout-flow wp-block-group-is-layout-flow\"><svg class=\"wp-block-tenup-icon\" style=\"width: 1.5rem;height: 1.5rem\" focusable=\"false\" aria-hidden=\"true\" xmlns=\"http:\/\/www.w3.org\/2000\/svg\" width=\"24\" height=\"24\" viewBox=\"0 0 24 24\"><path d=\"M12 4a8 8 0 1 1 0 16 8 8 0 0 1 0-16m-6.504 8.727a6.55 6.55 0 0 0 4.807 5.595 11.27 11.27 0 0 1-1.915-5.595zm10.116 0a11.27 11.27 0 0 1-1.916 5.595 6.55 6.55 0 0 0 4.808-5.595zm-5.767 0c.148 1.992.9 3.89 2.155 5.443a9.8 9.8 0 0 0 2.155-5.443zm3.851-7.05a11.27 11.27 0 0 1 1.916 5.596h2.892a6.55 6.55 0 0 0-4.808-5.595M12 5.83a9.8 9.8 0 0 0-2.155 5.443h4.31A9.8 9.8 0 0 0 12 5.83m-1.697-.152a6.55 6.55 0 0 0-4.807 5.595h2.892c.13-2.009.794-3.94 1.915-5.595\"\/><\/svg>\n\n\n<p class=\"screen-reader-text wp-block-paragraph\">Nationalit\u00e4t<\/p>\n\n\n\n<p class=\"people_information_nationality wp-block-tenup-post-meta\">\n\tSingapurische Staatsb\u00fcrgerin<\/p>\n<\/div>\n\n<\/div>\n\n\n\n<div class=\"wp-block-tenup-post-meta-conditional--people_information_born wp-block-tenup-post-meta-conditional has-global-padding is-layout-constrained wp-block-tenup-post-meta-conditional-is-layout-constrained\">\n\t\n\n<div class=\"wp-block-group card__detail card__detail--born is-layout-flow wp-block-group-is-layout-flow\"><svg class=\"wp-block-tenup-icon\" style=\"width: 1.5rem;height: 1.5rem\" focusable=\"false\" aria-hidden=\"true\" xmlns=\"http:\/\/www.w3.org\/2000\/svg\" width=\"24\" height=\"24\" viewBox=\"0 0 24 24\"><path d=\"M18.5 11.727h-12v6.955c0 .427.336.773.75.773h10.5c.414 0 .75-.346.75-.773zm-3.75-3.863V7.09h-4.5v.773a.76.76 0 0 1-.75.772.76.76 0 0 1-.75-.772V7.09h-1.5a.76.76 0 0 0-.75.773v2.318h12V7.864a.76.76 0 0 0-.75-.773h-1.5v.773a.76.76 0 0 1-.75.772.76.76 0 0 1-.75-.772M20 18.682C20 19.962 18.993 21 17.75 21H7.25C6.007 21 5 19.962 5 18.682V7.864c0-1.28 1.007-2.319 2.25-2.319h1.5v-.772c0-.427.336-.773.75-.773s.75.346.75.773v.772h4.5v-.772c0-.427.336-.773.75-.773s.75.346.75.773v.772h1.5c1.243 0 2.25 1.038 2.25 2.319z\"\/><\/svg>\n\n\n<p class=\"screen-reader-text wp-block-paragraph\">Geburtsjahr<\/p>\n\n\n\n<p class=\"people_information_born wp-block-tenup-post-meta\">\n\t1983<\/p>\n<\/div>\n\n<\/div>\n\n\n\n\n\n\n\n\n\n<div class=\"wp-block-tenup-post-meta-conditional--people_information_first_election wp-block-tenup-post-meta-conditional has-global-padding is-layout-constrained wp-block-tenup-post-meta-conditional-is-layout-constrained\">\n\t\n\n<div class=\"wp-block-group card__detail card__detail--first-election is-layout-flow wp-block-group-is-layout-flow\"><svg class=\"wp-block-tenup-icon\" style=\"width: 1.5rem;height: 1.5rem\" focusable=\"false\" aria-hidden=\"true\" xmlns=\"http:\/\/www.w3.org\/2000\/svg\" width=\"24\" height=\"24\" viewBox=\"0 0 24 24\"><path d=\"M14.293 9.293a1 1 0 1 1 1.414 1.414l-4 4a1 1 0 0 1-1.414 0l-2-2a1 1 0 1 1 1.414-1.414L11 12.586z\"\/><path d=\"M18 7a1 1 0 0 0-.901-.995L17 6H7c-.548 0-1 .452-1 1v11h12zm2 12a1 1 0 0 1-1 1H5a1 1 0 0 1-1-1V7c0-1.652 1.348-3 3-3h10a3 3 0 0 1 3 3z\"\/><path d=\"M22 18a1 1 0 1 1 0 2H2a1 1 0 1 1 0-2z\"\/><\/svg>\n\n\n<p class=\"people_information_custom_first_election_label wp-block-tenup-post-meta\">\n\tFirst election: <\/p>\n\n\n\n<p class=\"people_information_first_election wp-block-tenup-post-meta\">\n\t2026<\/p>\n<\/div>\n\n<\/div>\n\n\n\n<details class=\"wp-block-details is-layout-flow wp-block-details-is-layout-flow\"><summary>Mehr<\/summary><div class=\"entry-content wp-block-post-content is-layout-flow wp-block-post-content-is-layout-flow\">\n<h3 class=\"wp-block-heading\">Biografie<\/h3>\n\n\n\n<p class=\"wp-block-paragraph\">Hooi Ling Tan (Geburtsjahr 1983, singapurische Staatsb\u00fcrgerin)&nbsp;ist Mitglied des Verwaltungsrates von Wise Ltd. sowie von Endeavor, einer gemeinn\u00fctzigen Organisation zur weltweiten F\u00f6rderung von Unternehmerinnen und Unternehmern. Sie ist Mitbegr\u00fcnderin von Grab, das sie w\u00e4hrend ihres MBA\u2011Studiums an der Harvard Business School gr\u00fcndete und zu einer f\u00fchrenden Technologieplattform f\u00fcr Fahrdienstvermittlung, Mobilit\u00e4ts-, Finanz- und weitere Dienstleistungen in S\u00fcdostasien entwickelte. In fr\u00fcheren beruflichen Stationen war sie bei McKinsey &amp; Company und Salesforce t\u00e4tig, mit Schwerpunkten auf Unternehmensstrategie und Operations. Zudem war sie Mitglied in den Aufsichtsgremien der National University of Singapore sowie des Singapore Economic Development Board.<\/p>\n\n\n\n<p class=\"wp-block-paragraph\">Hooi Ling Tan hat einen MBA der Harvard Business School, USA, sowie einen Bachelor of Science in Maschinenbau der University of Bath, Vereinigtes K\u00f6nigreich.<\/p>\n\n\n\n<p class=\"wp-block-paragraph\"><strong>Ausschussmitgliedschaften<\/strong><\/p>\n\n\n\n<p class=\"wp-block-paragraph\">Sie ist Mitglied und Vorsitzende des Technologie- und Innovationsausschusses.<\/p>\n\n\n\n<p class=\"wp-block-paragraph\"><strong>Externe Mandate<\/strong><\/p>\n\n\n\n<p class=\"wp-block-paragraph\">Gelistete Firmen:<\/p>\n\n\n\n<ul class=\"wp-block-list\">\n<li class=\"wp-block-list-item\">VR-Mitglied von Grab<\/li>\n\n\n\n<li class=\"wp-block-list-item\">VR-Mitglied von Wise<\/li>\n<\/ul>\n\n\n\n<p class=\"wp-block-paragraph\">Andere Mandate:<\/p>\n\n\n\n<ul class=\"wp-block-list\">\n<li class=\"wp-block-list-item\">VR-Mitglied von Endeavor<\/li>\n<\/ul>\n<\/div><\/details>\n<\/div>\n\n<\/li><li class=\"wp-block-post post-6852 people type-people status-publish has-post-thumbnail hentry\">\n<figure class=\"card__media wp-block-post-featured-image wp-block-null\"><img loading=\"lazy\" decoding=\"async\" width=\"1024\" height=\"683\" src=\"https:\/\/www.sonova.com\/wp-content\/uploads\/2022\/06\/Julie-Tay_3.jpg?w=1024\" class=\"attachment-post-thumbnail size-post-thumbnail wp-post-image\" alt=\"\" style=\"object-fit:cover;\" srcset=\"https:\/\/www.sonova.com\/wp-content\/uploads\/2022\/06\/Julie-Tay_3.jpg 1024w, https:\/\/www.sonova.com\/wp-content\/uploads\/2022\/06\/Julie-Tay_3.jpg?resize=300,200 300w, https:\/\/www.sonova.com\/wp-content\/uploads\/2022\/06\/Julie-Tay_3.jpg?resize=768,512 768w\" sizes=\"auto, (max-width: 1024px) 100vw, 1024px\" \/><\/figure>\n\n\n<div class=\"wp-block-group card__header is-layout-flow wp-block-group-is-layout-flow\">\n<div class=\"wp-block-group card__meta is-layout-flow wp-block-group-is-layout-flow\">\n<div class=\"wp-block-tenup-post-meta-conditional--people_information_job_title card__meta-item wp-block-tenup-post-meta-conditional has-global-padding is-layout-constrained wp-block-tenup-post-meta-conditional-is-layout-constrained\">\n\t\n\n<p class=\"people_information_job_title wp-block-tenup-post-meta\">\n\tNicht-exekutives Mitglied<\/p>\n\n<\/div>\n<\/div>\n\n\n<h2 class=\"card__title wp-block-post-title\">Julie Tay<\/h2><\/div>\n\n\n\n<div class=\"wp-block-group card__content is-layout-flow wp-block-group-is-layout-flow\">\n<div class=\"wp-block-tenup-post-meta-conditional--people_information_nationality wp-block-tenup-post-meta-conditional has-global-padding is-layout-constrained wp-block-tenup-post-meta-conditional-is-layout-constrained\">\n\t\n\n<div class=\"wp-block-group card__detail card__detail--nationality is-layout-flow wp-block-group-is-layout-flow\"><svg class=\"wp-block-tenup-icon\" style=\"width: 1.5rem;height: 1.5rem\" focusable=\"false\" aria-hidden=\"true\" xmlns=\"http:\/\/www.w3.org\/2000\/svg\" width=\"24\" height=\"24\" viewBox=\"0 0 24 24\"><path d=\"M12 4a8 8 0 1 1 0 16 8 8 0 0 1 0-16m-6.504 8.727a6.55 6.55 0 0 0 4.807 5.595 11.27 11.27 0 0 1-1.915-5.595zm10.116 0a11.27 11.27 0 0 1-1.916 5.595 6.55 6.55 0 0 0 4.808-5.595zm-5.767 0c.148 1.992.9 3.89 2.155 5.443a9.8 9.8 0 0 0 2.155-5.443zm3.851-7.05a11.27 11.27 0 0 1 1.916 5.596h2.892a6.55 6.55 0 0 0-4.808-5.595M12 5.83a9.8 9.8 0 0 0-2.155 5.443h4.31A9.8 9.8 0 0 0 12 5.83m-1.697-.152a6.55 6.55 0 0 0-4.807 5.595h2.892c.13-2.009.794-3.94 1.915-5.595\"\/><\/svg>\n\n\n<p class=\"screen-reader-text wp-block-paragraph\">Nationalit\u00e4t<\/p>\n\n\n\n<p class=\"people_information_nationality wp-block-tenup-post-meta\">\n\tSingapurische Staatsb\u00fcrgerin<\/p>\n<\/div>\n\n<\/div>\n\n\n\n<div class=\"wp-block-tenup-post-meta-conditional--people_information_born wp-block-tenup-post-meta-conditional has-global-padding is-layout-constrained wp-block-tenup-post-meta-conditional-is-layout-constrained\">\n\t\n\n<div class=\"wp-block-group card__detail card__detail--born is-layout-flow wp-block-group-is-layout-flow\"><svg class=\"wp-block-tenup-icon\" style=\"width: 1.5rem;height: 1.5rem\" focusable=\"false\" aria-hidden=\"true\" xmlns=\"http:\/\/www.w3.org\/2000\/svg\" width=\"24\" height=\"24\" viewBox=\"0 0 24 24\"><path d=\"M18.5 11.727h-12v6.955c0 .427.336.773.75.773h10.5c.414 0 .75-.346.75-.773zm-3.75-3.863V7.09h-4.5v.773a.76.76 0 0 1-.75.772.76.76 0 0 1-.75-.772V7.09h-1.5a.76.76 0 0 0-.75.773v2.318h12V7.864a.76.76 0 0 0-.75-.773h-1.5v.773a.76.76 0 0 1-.75.772.76.76 0 0 1-.75-.772M20 18.682C20 19.962 18.993 21 17.75 21H7.25C6.007 21 5 19.962 5 18.682V7.864c0-1.28 1.007-2.319 2.25-2.319h1.5v-.772c0-.427.336-.773.75-.773s.75.346.75.773v.772h4.5v-.772c0-.427.336-.773.75-.773s.75.346.75.773v.772h1.5c1.243 0 2.25 1.038 2.25 2.319z\"\/><\/svg>\n\n\n<p class=\"screen-reader-text wp-block-paragraph\">Geburtsjahr<\/p>\n\n\n\n<p class=\"people_information_born wp-block-tenup-post-meta\">\n\t1966<\/p>\n<\/div>\n\n<\/div>\n\n\n\n\n\n\n\n\n\n<div class=\"wp-block-tenup-post-meta-conditional--people_information_first_election wp-block-tenup-post-meta-conditional has-global-padding is-layout-constrained wp-block-tenup-post-meta-conditional-is-layout-constrained\">\n\t\n\n<div class=\"wp-block-group card__detail card__detail--first-election is-layout-flow wp-block-group-is-layout-flow\"><svg class=\"wp-block-tenup-icon\" style=\"width: 1.5rem;height: 1.5rem\" focusable=\"false\" aria-hidden=\"true\" xmlns=\"http:\/\/www.w3.org\/2000\/svg\" width=\"24\" height=\"24\" viewBox=\"0 0 24 24\"><path d=\"M14.293 9.293a1 1 0 1 1 1.414 1.414l-4 4a1 1 0 0 1-1.414 0l-2-2a1 1 0 1 1 1.414-1.414L11 12.586z\"\/><path d=\"M18 7a1 1 0 0 0-.901-.995L17 6H7c-.548 0-1 .452-1 1v11h12zm2 12a1 1 0 0 1-1 1H5a1 1 0 0 1-1-1V7c0-1.652 1.348-3 3-3h10a3 3 0 0 1 3 3z\"\/><path d=\"M22 18a1 1 0 1 1 0 2H2a1 1 0 1 1 0-2z\"\/><\/svg>\n\n\n<p class=\"people_information_custom_first_election_label wp-block-tenup-post-meta\">\n\tFirst election: <\/p>\n\n\n\n<p class=\"people_information_first_election wp-block-tenup-post-meta\">\n\t2022<\/p>\n<\/div>\n\n<\/div>\n\n\n\n<details class=\"wp-block-details is-layout-flow wp-block-details-is-layout-flow\"><summary>Mehr<\/summary><div class=\"entry-content wp-block-post-content is-layout-flow wp-block-post-content-is-layout-flow\">\n<h3 class=\"wp-block-heading\">Biografie&nbsp;<\/h3>\n\n\n\n<p class=\"wp-block-paragraph\">Julie Tay (Geburtsjahr 1966, singapurische Staatsb\u00fcrgerin) ist seit 2022 Mitglied des Verwaltungsrates der Sonova Holding AG.&nbsp;<\/p>\n\n\n\n<p class=\"wp-block-paragraph\">Von 2013 bis 2022 war Julie Tay Senior Vice President und Managing Director, Asia Pacific, bei Align Technology, Inc. und Mitglied des globalen Executive Management Committee des Unternehmens. Align Technology ist ein weltweit t\u00e4tiges Medizintechnikunternehmen mit Fokus auf digitale Kieferorthop\u00e4die und restaurative Zahnmedizin, einschliesslich des Invisalign-Systems, iTero Intraoralscannern und exocad CAD\/CAM-Software. In dieser Funktion war sie f\u00fcr die Region Asien-Pazifik verantwortlich und leitete die kommerziellen Aktivit\u00e4ten, die Marktentwicklung sowie die organisatorische F\u00fchrung in mehreren M\u00e4rkten. Zuvor bekleidete Julie Tay verschiedene Managementpositionen bei Bayer Healthcare, JohnsonDiversey und Johnson &amp; Johnson Medical mit Verantwortlichkeiten in den Bereichen Vertrieb, operative Gesch\u00e4ftsf\u00fchrung sowie regionale F\u00fchrung.<\/p>\n\n\n\n<p class=\"wp-block-paragraph\">Julie Tay verf\u00fcgt \u00fcber einen Bachelor of Arts der National University of Singapore sowie \u00fcber einen Master of Business Administration in International Marketing der Curtin University of Technology, Australien.<\/p>\n\n\n\n<p class=\"wp-block-paragraph\"><strong>Ausschussmitgliedschaften<\/strong><\/p>\n\n\n\n<p class=\"wp-block-paragraph\">Sie ist Mitglied des Nominierungs- und Verg\u00fctungsausschusses sowie Revisionsausschuss (Auditkomitee)<\/p>\n\n\n\n<p class=\"wp-block-paragraph\"><strong>Externe Mandate<\/strong><\/p>\n\n\n\n<p class=\"wp-block-paragraph\">Gelistete Firmen:<\/p>\n\n\n\n<ul class=\"wp-block-list\">\n<li class=\"wp-block-list-item\">VR-Mitglied von EBOS Group&nbsp;Ltd.<\/li>\n<\/ul>\n\n\n\n<p class=\"wp-block-paragraph\">Andere Mandate:<\/p>\n\n\n\n<ul class=\"wp-block-list\">\n<li class=\"wp-block-list-item\">n.v.<\/li>\n<\/ul>\n\n\n\n<p class=\"wp-block-paragraph\"><\/p>\n<\/div><\/details>\n<\/div>\n\n<\/li><li class=\"wp-block-post post-6864 people type-people status-publish has-post-thumbnail hentry brand-sonova\">\n<figure class=\"card__media wp-block-post-featured-image wp-block-null\"><img loading=\"lazy\" decoding=\"async\" width=\"1024\" height=\"683\" src=\"https:\/\/www.sonova.com\/wp-content\/uploads\/2020\/06\/Adrian-Widmer.jpg?w=1024\" class=\"attachment-post-thumbnail size-post-thumbnail wp-post-image\" alt=\"\" style=\"object-fit:cover;\" srcset=\"https:\/\/www.sonova.com\/wp-content\/uploads\/2020\/06\/Adrian-Widmer.jpg 1024w, https:\/\/www.sonova.com\/wp-content\/uploads\/2020\/06\/Adrian-Widmer.jpg?resize=300,200 300w, https:\/\/www.sonova.com\/wp-content\/uploads\/2020\/06\/Adrian-Widmer.jpg?resize=768,512 768w\" sizes=\"auto, (max-width: 1024px) 100vw, 1024px\" \/><\/figure>\n\n\n<div class=\"wp-block-group card__header is-layout-flow wp-block-group-is-layout-flow\">\n<div class=\"wp-block-group card__meta is-layout-flow wp-block-group-is-layout-flow\">\n<div class=\"wp-block-tenup-post-meta-conditional--people_information_job_title card__meta-item wp-block-tenup-post-meta-conditional has-global-padding is-layout-constrained wp-block-tenup-post-meta-conditional-is-layout-constrained\">\n\t\n\n<p class=\"people_information_job_title wp-block-tenup-post-meta\">\n\tnicht-exekutives Mitglied<\/p>\n\n<\/div>\n<\/div>\n\n\n<h2 class=\"card__title wp-block-post-title\">Adrian Widmer<\/h2><\/div>\n\n\n\n<div class=\"wp-block-group card__content is-layout-flow wp-block-group-is-layout-flow\">\n<div class=\"wp-block-tenup-post-meta-conditional--people_information_nationality wp-block-tenup-post-meta-conditional has-global-padding is-layout-constrained wp-block-tenup-post-meta-conditional-is-layout-constrained\">\n\t\n\n<div class=\"wp-block-group card__detail card__detail--nationality is-layout-flow wp-block-group-is-layout-flow\"><svg class=\"wp-block-tenup-icon\" style=\"width: 1.5rem;height: 1.5rem\" focusable=\"false\" aria-hidden=\"true\" xmlns=\"http:\/\/www.w3.org\/2000\/svg\" width=\"24\" height=\"24\" viewBox=\"0 0 24 24\"><path d=\"M12 4a8 8 0 1 1 0 16 8 8 0 0 1 0-16m-6.504 8.727a6.55 6.55 0 0 0 4.807 5.595 11.27 11.27 0 0 1-1.915-5.595zm10.116 0a11.27 11.27 0 0 1-1.916 5.595 6.55 6.55 0 0 0 4.808-5.595zm-5.767 0c.148 1.992.9 3.89 2.155 5.443a9.8 9.8 0 0 0 2.155-5.443zm3.851-7.05a11.27 11.27 0 0 1 1.916 5.596h2.892a6.55 6.55 0 0 0-4.808-5.595M12 5.83a9.8 9.8 0 0 0-2.155 5.443h4.31A9.8 9.8 0 0 0 12 5.83m-1.697-.152a6.55 6.55 0 0 0-4.807 5.595h2.892c.13-2.009.794-3.94 1.915-5.595\"\/><\/svg>\n\n\n<p class=\"screen-reader-text wp-block-paragraph\">Nationalit\u00e4t<\/p>\n\n\n\n<p class=\"people_information_nationality wp-block-tenup-post-meta\">\n\tSchweizer Staatsb\u00fcrger<\/p>\n<\/div>\n\n<\/div>\n\n\n\n<div class=\"wp-block-tenup-post-meta-conditional--people_information_born wp-block-tenup-post-meta-conditional has-global-padding is-layout-constrained wp-block-tenup-post-meta-conditional-is-layout-constrained\">\n\t\n\n<div class=\"wp-block-group card__detail card__detail--born is-layout-flow wp-block-group-is-layout-flow\"><svg class=\"wp-block-tenup-icon\" style=\"width: 1.5rem;height: 1.5rem\" focusable=\"false\" aria-hidden=\"true\" xmlns=\"http:\/\/www.w3.org\/2000\/svg\" width=\"24\" height=\"24\" viewBox=\"0 0 24 24\"><path d=\"M18.5 11.727h-12v6.955c0 .427.336.773.75.773h10.5c.414 0 .75-.346.75-.773zm-3.75-3.863V7.09h-4.5v.773a.76.76 0 0 1-.75.772.76.76 0 0 1-.75-.772V7.09h-1.5a.76.76 0 0 0-.75.773v2.318h12V7.864a.76.76 0 0 0-.75-.773h-1.5v.773a.76.76 0 0 1-.75.772.76.76 0 0 1-.75-.772M20 18.682C20 19.962 18.993 21 17.75 21H7.25C6.007 21 5 19.962 5 18.682V7.864c0-1.28 1.007-2.319 2.25-2.319h1.5v-.772c0-.427.336-.773.75-.773s.75.346.75.773v.772h4.5v-.772c0-.427.336-.773.75-.773s.75.346.75.773v.772h1.5c1.243 0 2.25 1.038 2.25 2.319z\"\/><\/svg>\n\n\n<p class=\"screen-reader-text wp-block-paragraph\">Geburtsjahr<\/p>\n\n\n\n<p class=\"people_information_born wp-block-tenup-post-meta\">\n\t1968<\/p>\n<\/div>\n\n<\/div>\n\n\n\n\n\n\n\n\n\n<div class=\"wp-block-tenup-post-meta-conditional--people_information_first_election wp-block-tenup-post-meta-conditional has-global-padding is-layout-constrained wp-block-tenup-post-meta-conditional-is-layout-constrained\">\n\t\n\n<div class=\"wp-block-group card__detail card__detail--first-election is-layout-flow wp-block-group-is-layout-flow\"><svg class=\"wp-block-tenup-icon\" style=\"width: 1.5rem;height: 1.5rem\" focusable=\"false\" aria-hidden=\"true\" xmlns=\"http:\/\/www.w3.org\/2000\/svg\" width=\"24\" height=\"24\" viewBox=\"0 0 24 24\"><path d=\"M14.293 9.293a1 1 0 1 1 1.414 1.414l-4 4a1 1 0 0 1-1.414 0l-2-2a1 1 0 1 1 1.414-1.414L11 12.586z\"\/><path d=\"M18 7a1 1 0 0 0-.901-.995L17 6H7c-.548 0-1 .452-1 1v11h12zm2 12a1 1 0 0 1-1 1H5a1 1 0 0 1-1-1V7c0-1.652 1.348-3 3-3h10a3 3 0 0 1 3 3z\"\/><path d=\"M22 18a1 1 0 1 1 0 2H2a1 1 0 1 1 0-2z\"\/><\/svg>\n\n\n<p class=\"people_information_custom_first_election_label wp-block-tenup-post-meta\">\n\tFirst election: <\/p>\n\n\n\n<p class=\"people_information_first_election wp-block-tenup-post-meta\">\n\t2020<\/p>\n<\/div>\n\n<\/div>\n\n\n\n<details class=\"wp-block-details is-layout-flow wp-block-details-is-layout-flow\"><summary>Mehr<\/summary><div class=\"entry-content wp-block-post-content is-layout-flow wp-block-post-content-is-layout-flow\">\n<h3 class=\"wp-block-heading\">Biografie<\/h3>\n\n\n\n<p class=\"wp-block-paragraph\">Adrian Widmer (Geburtsjahr 1968, Schweizer Staatsb\u00fcrger) ist seit 2020 nicht-exekutives Mitglied des Verwaltungsrates der Sonova Holding AG.&nbsp;<\/p>\n\n\n\n<p class=\"wp-block-paragraph\">Seit 2014 ist Adrian Widmer Group Chief Financial Officer der Sika AG, einem global t\u00e4tigen Spezialchemieunternehmen mit Hauptsitz in der Schweiz. In dieser Funktion ist er f\u00fcr die Finanz-, Controlling- und Reportingfunktionen der Gruppe verantwortlich. Von 2007 bis 2014 war er bei Sika als Head Group Controlling und Mergers &amp; Acquisitions t\u00e4tig. Vor seinem Eintritt bei Sika hatte er verschiedene F\u00fchrungspositionen bei BASF, Degussa und Textron Inc. inne, mit Verantwortung in den Bereichen Finanzen und Controlling, Business Development sowie General Management. Adrian Widmer verf\u00fcgt \u00fcber mehr als 25 Jahre Erfahrung in leitenden Funktionen in den Bereichen Finanzen, Controlling, Business Development und M&amp;A, darunter eine langj\u00e4hrige T\u00e4tigkeit als Group Chief Financial Officer eines b\u00f6rsenkotierten Industrieunternehmens.<\/p>\n\n\n\n<p class=\"wp-block-paragraph\">Er h\u00e4lt einen Master of Science in Betriebs- und Volkswirtschaftslehre der Universit\u00e4t Z\u00fcrich, Schweiz, und hat das Advanced Management Program am INSEAD in Fontainebleau, Frankreich, absolviert.<\/p>\n\n\n\n<p class=\"wp-block-paragraph\"><strong>Ausschussmitgliedschaften<\/strong><\/p>\n\n\n\n<p class=\"wp-block-paragraph\">Er ist Mitglied und Vorsitzender des Audit Committees.<\/p>\n\n\n\n<p class=\"wp-block-paragraph\"><strong>Externe Mandate<\/strong><\/p>\n\n\n\n<p class=\"wp-block-paragraph\">Gelistete Firmen:<\/p>\n\n\n\n<ul class=\"wp-block-list\">\n<li class=\"wp-block-list-item\">Group CFO der Sika AG<\/li>\n<\/ul>\n\n\n\n<p class=\"wp-block-paragraph\">Andere Mandate:<\/p>\n\n\n\n<ul class=\"wp-block-list\">\n<li class=\"wp-block-list-item\">n.v.<\/li>\n<\/ul>\n\n\n\n<p class=\"wp-block-paragraph\"><\/p>\n<\/div><\/details>\n<\/div>\n\n<\/li><\/ul><\/div>\n","protected":false},"excerpt":{"rendered":"<p>Verwaltungsrat Gem\u00e4\u00df Satzung der Sonova Holding AG besteht der Verwaltungsrat aus mindestens f\u00fcnf und maximal zehn Mitgliedern. Die Verwaltungsr\u00e4te werden durch die Jahreshauptversammlung einzeln gew\u00e4hlt.&nbsp;<\/p>\n","protected":false},"author":47,"featured_media":0,"parent":0,"menu_order":0,"comment_status":"closed","ping_status":"closed","template":"","meta":{"_assigned_reviewer":[],"_reviewer_notes":[],"_assigned_translator":[],"_sonova_post_revision":0,"_sonova_post_revision_main_post_id":0,"_sonova_workflow_status_change":false,"_sonova_hreflang_group":"","sonova_disable_hero_pattern":false,"footnotes":""},"news-type":[62],"class_list":["post-31121","page","type-page","status-publish","hentry","news-type-page"],"yoast_head":"<!-- This site is optimized with the Yoast SEO plugin v28.2 - https:\/\/yoast.com\/product\/yoast-seo-wordpress\/ -->\n<title>Verwaltungsrat - Sonova International<\/title>\n<meta name=\"robots\" content=\"index, follow, max-snippet:-1, max-image-preview:large, max-video-preview:-1\" \/>\n<link rel=\"canonical\" href=\"https:\/\/www.sonova.com\/de\/verwaltungsrat\/\" \/>\n<meta property=\"og:locale\" content=\"de_DE\" \/>\n<meta property=\"og:type\" content=\"article\" \/>\n<meta property=\"og:title\" content=\"Verwaltungsrat - Sonova International\" \/>\n<meta property=\"og:description\" content=\"Verwaltungsrat Gem\u00e4\u00df Satzung der Sonova Holding AG besteht der Verwaltungsrat aus mindestens f\u00fcnf und maximal zehn Mitgliedern. Die Verwaltungsr\u00e4te werden durch die Jahreshauptversammlung einzeln gew\u00e4hlt.&nbsp;\" \/>\n<meta property=\"og:url\" content=\"https:\/\/www.sonova.com\/de\/verwaltungsrat\/\" \/>\n<meta property=\"og:site_name\" content=\"Sonova International\" \/>\n<meta property=\"article:modified_time\" content=\"2026-08-07T13:45:21+00:00\" \/>\n<meta name=\"twitter:card\" content=\"summary_large_image\" \/>\n<meta name=\"twitter:label1\" content=\"Est. reading time\" \/>\n\t<meta name=\"twitter:data1\" content=\"1 minute\" \/>\n<script type=\"application\/ld+json\" class=\"yoast-schema-graph\">{\"@context\":\"https:\\\/\\\/schema.org\",\"@graph\":[{\"@type\":\"WebPage\",\"@id\":\"https:\\\/\\\/www.sonova.com\\\/de\\\/verwaltungsrat\\\/\",\"url\":\"https:\\\/\\\/www.sonova.com\\\/de\\\/verwaltungsrat\\\/\",\"name\":\"Verwaltungsrat - Sonova International\",\"isPartOf\":{\"@id\":\"https:\\\/\\\/www.sonova.com\\\/#website\"},\"datePublished\":\"2019-08-13T06:24:52+00:00\",\"dateModified\":\"2026-08-07T13:45:21+00:00\",\"breadcrumb\":{\"@id\":\"https:\\\/\\\/www.sonova.com\\\/de\\\/verwaltungsrat\\\/#breadcrumb\"},\"inLanguage\":\"de-DE\",\"potentialAction\":[{\"@type\":\"ReadAction\",\"target\":[\"https:\\\/\\\/www.sonova.com\\\/de\\\/verwaltungsrat\\\/\"]}]},{\"@type\":\"BreadcrumbList\",\"@id\":\"https:\\\/\\\/www.sonova.com\\\/de\\\/verwaltungsrat\\\/#breadcrumb\",\"itemListElement\":[{\"@type\":\"ListItem\",\"position\":1,\"name\":\"Home\",\"item\":\"https:\\\/\\\/www.sonova.com\\\/de\\\/\"},{\"@type\":\"ListItem\",\"position\":2,\"name\":\"Verwaltungsrat\"}]},{\"@type\":\"WebSite\",\"@id\":\"https:\\\/\\\/www.sonova.com\\\/#website\",\"url\":\"https:\\\/\\\/www.sonova.com\\\/\",\"name\":\"Sonova International\",\"description\":\"\",\"potentialAction\":[{\"@type\":\"SearchAction\",\"target\":{\"@type\":\"EntryPoint\",\"urlTemplate\":\"https:\\\/\\\/www.sonova.com\\\/?s={search_term_string}\"},\"query-input\":{\"@type\":\"PropertyValueSpecification\",\"valueRequired\":true,\"valueName\":\"search_term_string\"}}],\"inLanguage\":\"de-DE\"}]}<\/script>\n<!-- \/ Yoast SEO plugin. -->","yoast_head_json":{"title":"Verwaltungsrat - Sonova International","robots":{"index":"index","follow":"follow","max-snippet":"max-snippet:-1","max-image-preview":"max-image-preview:large","max-video-preview":"max-video-preview:-1"},"canonical":"https:\/\/www.sonova.com\/de\/verwaltungsrat\/","og_locale":"de_DE","og_type":"article","og_title":"Verwaltungsrat - Sonova International","og_description":"Verwaltungsrat Gem\u00e4\u00df Satzung der Sonova Holding AG besteht der Verwaltungsrat aus mindestens f\u00fcnf und maximal zehn Mitgliedern. Die Verwaltungsr\u00e4te werden durch die Jahreshauptversammlung einzeln gew\u00e4hlt.&nbsp;","og_url":"https:\/\/www.sonova.com\/de\/verwaltungsrat\/","og_site_name":"Sonova International","article_modified_time":"2026-08-07T13:45:21+00:00","twitter_card":"summary_large_image","twitter_misc":{"Est. reading time":"1 minute"},"schema":{"@context":"https:\/\/schema.org","@graph":[{"@type":"WebPage","@id":"https:\/\/www.sonova.com\/de\/verwaltungsrat\/","url":"https:\/\/www.sonova.com\/de\/verwaltungsrat\/","name":"Verwaltungsrat - Sonova International","isPartOf":{"@id":"https:\/\/www.sonova.com\/#website"},"datePublished":"2019-08-13T06:24:52+00:00","dateModified":"2026-08-07T13:45:21+00:00","breadcrumb":{"@id":"https:\/\/www.sonova.com\/de\/verwaltungsrat\/#breadcrumb"},"inLanguage":"de-DE","potentialAction":[{"@type":"ReadAction","target":["https:\/\/www.sonova.com\/de\/verwaltungsrat\/"]}]},{"@type":"BreadcrumbList","@id":"https:\/\/www.sonova.com\/de\/verwaltungsrat\/#breadcrumb","itemListElement":[{"@type":"ListItem","position":1,"name":"Home","item":"https:\/\/www.sonova.com\/de\/"},{"@type":"ListItem","position":2,"name":"Verwaltungsrat"}]},{"@type":"WebSite","@id":"https:\/\/www.sonova.com\/#website","url":"https:\/\/www.sonova.com\/","name":"Sonova International","description":"","potentialAction":[{"@type":"SearchAction","target":{"@type":"EntryPoint","urlTemplate":"https:\/\/www.sonova.com\/?s={search_term_string}"},"query-input":{"@type":"PropertyValueSpecification","valueRequired":true,"valueName":"search_term_string"}}],"inLanguage":"de-DE"}]}},"distributor_meta":false,"distributor_terms":false,"distributor_media":false,"distributor_original_site_name":"Sonova International","distributor_original_site_url":"https:\/\/www.sonova.com\/de\/","push-errors":false,"_links":{"self":[{"href":"https:\/\/www.sonova.com\/de\/wp-json\/wp\/v2\/pages\/31121","targetHints":{"allow":["GET"]}}],"collection":[{"href":"https:\/\/www.sonova.com\/de\/wp-json\/wp\/v2\/pages"}],"about":[{"href":"https:\/\/www.sonova.com\/de\/wp-json\/wp\/v2\/types\/page"}],"author":[{"embeddable":true,"href":"https:\/\/www.sonova.com\/de\/wp-json\/wp\/v2\/users\/47"}],"replies":[{"embeddable":true,"href":"https:\/\/www.sonova.com\/de\/wp-json\/wp\/v2\/comments?post=31121"}],"version-history":[{"count":5,"href":"https:\/\/www.sonova.com\/de\/wp-json\/wp\/v2\/pages\/31121\/revisions"}],"predecessor-version":[{"id":577467,"href":"https:\/\/www.sonova.com\/de\/wp-json\/wp\/v2\/pages\/31121\/revisions\/577467"}],"wp:attachment":[{"href":"https:\/\/www.sonova.com\/de\/wp-json\/wp\/v2\/media?parent=31121"}],"wp:term":[{"taxonomy":"news-type","embeddable":true,"href":"https:\/\/www.sonova.com\/de\/wp-json\/wp\/v2\/news-type?post=31121"}],"curies":[{"name":"wp","href":"https:\/\/api.w.org\/{rel}","templated":true}]}}